{"id":2072,"date":"2018-10-30T16:42:14","date_gmt":"2018-10-30T16:42:14","guid":{"rendered":"http:\/\/www.forumvicus.cat\/vic-centre\/"},"modified":"2022-11-03T17:40:41","modified_gmt":"2022-11-03T17:40:41","slug":"vic-centro","status":"publish","type":"page","link":"https:\/\/www.forumvicus.cat\/es\/vic-centro\/","title":{"rendered":"Vic Centro"},"content":{"rendered":"<p><div class=\"fusion-bg-parallax\" data-bg-align=\"left center\" data-direction=\"left\" data-mute=\"false\" data-opacity=\"100\" data-velocity=\"-0.4\" data-mobile-enabled=\"false\" data-break_parents=\"0\" data-bg-image=\"https:\/\/www.forumvicus.cat\/wp-content\/uploads\/2022\/11\/banvicentre-1024x394.jpg\" data-bg-repeat=\"false\" ><\/div><div class=\"fusion-fullwidth fullwidth-box fusion-builder-row-1 has-pattern-background has-mask-background fusion-parallax-left nonhundred-percent-fullwidth non-hundred-percent-height-scrolling\" style=\"--awb-background-position:left center;--awb-border-sizes-top:0px;--awb-border-sizes-bottom:0px;--awb-border-sizes-left:0px;--awb-border-sizes-right:0px;--awb-border-radius-top-left:0px;--awb-border-radius-top-right:0px;--awb-border-radius-bottom-right:0px;--awb-border-radius-bottom-left:0px;--awb-padding-top:5%;--awb-padding-right:5%;--awb-padding-bottom:5%;--awb-padding-left:5%;--awb-background-color:rgba(255,255,255,0);--awb-background-image:url(&quot;https:\/\/www.forumvicus.cat\/wp-content\/uploads\/2022\/11\/banvicentre-1024x394.jpg&quot;);--awb-background-size:cover;--awb-flex-wrap:wrap;\" ><div class=\"fusion-builder-row fusion-row\"><div class=\"fusion-layout-column fusion_builder_column fusion-builder-column-0 fusion_builder_column_1_1 1_1 fusion-one-full fusion-column-first fusion-column-last\" style=\"--awb-bg-size:cover;\"><div class=\"fusion-column-wrapper fusion-flex-column-wrapper-legacy\"><div class=\"fusion-text fusion-text-1\"><h1 style=\"text-align: left;\"><span style=\"color: #ffffff;\"><strong>Visitas y experiencias<\/strong><\/span><\/h1>\n<p style=\"font-size: 26px; line-height: 25px; text-align: left;\"><span style=\"color: #ffffff;\"><strong>Vic Centro<\/strong> \/ Vic fuera murallas \/ Osona<\/span><\/p>\n<\/div><div class=\"fusion-clearfix\"><\/div><\/div><\/div><\/div><\/div><div class=\"fusion-fullwidth fullwidth-box fusion-builder-row-2 nonhundred-percent-fullwidth non-hundred-percent-height-scrolling\" style=\"--awb-background-position:left top;--awb-border-sizes-top:0px;--awb-border-sizes-bottom:0px;--awb-border-sizes-left:0px;--awb-border-sizes-right:0px;--awb-border-radius-top-left:0px;--awb-border-radius-top-right:0px;--awb-border-radius-bottom-right:0px;--awb-border-radius-bottom-left:0px;--awb-padding-top:5%;--awb-padding-right:5%;--awb-padding-bottom:0%;--awb-padding-left:5%;--awb-background-color:#ffffff;--awb-flex-wrap:wrap;\" ><div class=\"fusion-builder-row fusion-row\"><div class=\"fusion-layout-column fusion_builder_column fusion-builder-column-1 fusion_builder_column_1_1 1_1 fusion-one-full fusion-column-first fusion-column-last\" style=\"--awb-bg-size:cover;\"><div class=\"fusion-column-wrapper fusion-flex-column-wrapper-legacy\"><div class=\"fusion-text fusion-text-2\"><h2 style=\"text-align: left;\"><strong><span style=\"color: #000000;\">Vic Centro<\/span><\/strong><\/h2>\n<\/div><div class=\"fusion-text fusion-text-3\"><h3>Os propongo <strong>18 visitas<\/strong> para redescubrir y disfrutar, juntos, lugares, espacios y rincones que forman parte del <strong>centro de Vic<\/strong>. Cada visita es una experiencia \u00fanica y diferente, y seguro que uso intentar\u00e9 de encomendar mi pasi\u00f3n por esta maravillosa ciudad. Bienvenidos a Vic!<\/h3>\n<\/div><div class=\"fusion-clearfix\"><\/div><\/div><\/div><\/div><\/div><div class=\"fusion-fullwidth fullwidth-box fusion-builder-row-3 nonhundred-percent-fullwidth non-hundred-percent-height-scrolling\" style=\"--awb-background-position:left top;--awb-border-sizes-top:0px;--awb-border-sizes-bottom:0px;--awb-border-sizes-left:0px;--awb-border-sizes-right:0px;--awb-border-radius-top-left:0px;--awb-border-radius-top-right:0px;--awb-border-radius-bottom-right:0px;--awb-border-radius-bottom-left:0px;--awb-background-color:#ffffff;--awb-flex-wrap:wrap;\" ><div class=\"fusion-builder-row fusion-row\"><div class=\"fusion-layout-column fusion_builder_column fusion-builder-column-2 fusion_builder_column_1_1 1_1 fusion-one-full fusion-column-first fusion-column-last\" style=\"--awb-bg-color:#ffffff;--awb-bg-color-hover:#ffffff;--awb-bg-size:cover;\"><div class=\"fusion-column-wrapper fusion-flex-column-wrapper-legacy\"><div class=\"fusion-text fusion-text-4\"><style type=\"text\/css\">.fusion-portfolio-wrapper#fusion-portfolio-1 .fusion-portfolio-content{  text-align: left; }<\/style><div class=\"fusion-recent-works fusion-portfolio-element fusion-portfolio fusion-portfolio-1 fusion-portfolio-grid fusion-portfolio-paging-none fusion-portfolio-three fusion-portfolio-unboxed fusion-portfolio-text\" data-id=\"-rw-1\" data-columns=\"three\"><style type=\"text\/css\">.fusion-portfolio-1 .fusion-portfolio-wrapper .fusion-col-spacing{padding:15px;}<\/style><div class=\"fusion-portfolio-wrapper\" id=\"fusion-portfolio-1\" data-picturesize=\"auto\" data-pages=\"1\" style=\"margin:-15px;\"><article id=\"portfolio-1-post-2118\" class=\"fusion-portfolio-post vic-centro fusion-col-spacing post-2118\"><div class=\"fusion-portfolio-content-wrapper\" style=\"border:none;\"><span class=\"vcard rich-snippet-hidden\"><span class=\"fn\"><a href=\"https:\/\/www.forumvicus.cat\/es\/author\/38b723e702\/\" title=\"Entradas de 38b723e702\" rel=\"author\">38b723e702<\/a><\/span><\/span><span class=\"updated rich-snippet-hidden\">2021-03-05T16:31:59+00:00<\/span><div  class=\"fusion-image-wrapper\" aria-haspopup=\"true\">\n\t\t\t\t\t\t\t<a href=\"https:\/\/www.forumvicus.cat\/es\/portfolio-items\/la-iglesia-y-convento-del-carmen\/?portfolioCats=26\" aria-label=\"La Iglesia y Convento del Carmen\">\n\t\t\t\t\t\t\t<img decoding=\"async\" width=\"1000\" height=\"750\" src=\"https:\/\/www.forumvicus.cat\/wp-content\/uploads\/2019\/01\/f2carme.jpg\" class=\"attachment-full size-full wp-post-image\" alt=\"\" srcset=\"https:\/\/www.forumvicus.cat\/wp-content\/uploads\/2019\/01\/f2carme-200x150.jpg 200w, https:\/\/www.forumvicus.cat\/wp-content\/uploads\/2019\/01\/f2carme-400x300.jpg 400w, https:\/\/www.forumvicus.cat\/wp-content\/uploads\/2019\/01\/f2carme-600x450.jpg 600w, https:\/\/www.forumvicus.cat\/wp-content\/uploads\/2019\/01\/f2carme-800x600.jpg 800w, https:\/\/www.forumvicus.cat\/wp-content\/uploads\/2019\/01\/f2carme.jpg 1000w\" sizes=\"(min-width: 2200px) 100vw, (min-width: 824px) 410px, (min-width: 732px) 615px, (min-width: 640px) 732px, \" \/>\t\t\t<\/a>\n\t\t\t\t\t\t\t<\/div>\n<div class=\"fusion-portfolio-content\"><h2 class=\"entry-title fusion-post-title\"><a href=\"https:\/\/www.forumvicus.cat\/es\/portfolio-items\/la-iglesia-y-convento-del-carmen\/?portfolioCats=26\">La Iglesia y Convento del Carmen<\/a><\/h2><div class=\"fusion-post-content\"><\/div><\/div><\/div><\/article><article id=\"portfolio-1-post-2121\" class=\"fusion-portfolio-post vic-centro fusion-col-spacing post-2121\"><div class=\"fusion-portfolio-content-wrapper\" style=\"border:none;\"><span class=\"vcard rich-snippet-hidden\"><span class=\"fn\"><a href=\"https:\/\/www.forumvicus.cat\/es\/author\/38b723e702\/\" title=\"Entradas de 38b723e702\" rel=\"author\">38b723e702<\/a><\/span><\/span><span class=\"updated rich-snippet-hidden\">2021-03-05T16:41:54+00:00<\/span><div  class=\"fusion-image-wrapper\" aria-haspopup=\"true\">\n\t\t\t\t\t\t\t<a href=\"https:\/\/www.forumvicus.cat\/es\/portfolio-items\/la-plaza-mayor-de-vic\/?portfolioCats=26\" aria-label=\"La Plaza Mayor de Vic.\">\n\t\t\t\t\t\t\t<img decoding=\"async\" width=\"1000\" height=\"750\" src=\"https:\/\/www.forumvicus.cat\/wp-content\/uploads\/2019\/01\/f4pmajorvic.jpg\" class=\"attachment-full size-full wp-post-image\" alt=\"\" srcset=\"https:\/\/www.forumvicus.cat\/wp-content\/uploads\/2019\/01\/f4pmajorvic-200x150.jpg 200w, https:\/\/www.forumvicus.cat\/wp-content\/uploads\/2019\/01\/f4pmajorvic-400x300.jpg 400w, https:\/\/www.forumvicus.cat\/wp-content\/uploads\/2019\/01\/f4pmajorvic-600x450.jpg 600w, https:\/\/www.forumvicus.cat\/wp-content\/uploads\/2019\/01\/f4pmajorvic-800x600.jpg 800w, https:\/\/www.forumvicus.cat\/wp-content\/uploads\/2019\/01\/f4pmajorvic.jpg 1000w\" sizes=\"(min-width: 2200px) 100vw, (min-width: 824px) 410px, (min-width: 732px) 615px, (min-width: 640px) 732px, \" \/>\t\t\t<\/a>\n\t\t\t\t\t\t\t<\/div>\n<div class=\"fusion-portfolio-content\"><h2 class=\"entry-title fusion-post-title\"><a href=\"https:\/\/www.forumvicus.cat\/es\/portfolio-items\/la-plaza-mayor-de-vic\/?portfolioCats=26\">La Plaza Mayor de Vic.<\/a><\/h2><div class=\"fusion-post-content\"><\/div><\/div><\/div><\/article><article id=\"portfolio-1-post-2163\" class=\"fusion-portfolio-post vic-centro fusion-col-spacing post-2163\"><div class=\"fusion-portfolio-content-wrapper\" style=\"border:none;\"><span class=\"vcard rich-snippet-hidden\"><span class=\"fn\"><a href=\"https:\/\/www.forumvicus.cat\/es\/author\/38b723e702\/\" title=\"Entradas de 38b723e702\" rel=\"author\">38b723e702<\/a><\/span><\/span><span class=\"updated rich-snippet-hidden\">2021-03-05T16:51:36+00:00<\/span><div  class=\"fusion-image-wrapper\" aria-haspopup=\"true\">\n\t\t\t\t\t\t\t<a href=\"https:\/\/www.forumvicus.cat\/es\/portfolio-items\/del-mercado-a-la-tienda\/?portfolioCats=26\" aria-label=\"Del mercado a la tienda.\">\n\t\t\t\t\t\t\t<img decoding=\"async\" width=\"900\" height=\"675\" src=\"https:\/\/www.forumvicus.cat\/wp-content\/uploads\/2018\/11\/fbmercat.jpg\" class=\"attachment-full size-full wp-post-image\" alt=\"\" srcset=\"https:\/\/www.forumvicus.cat\/wp-content\/uploads\/2018\/11\/fbmercat-200x150.jpg 200w, https:\/\/www.forumvicus.cat\/wp-content\/uploads\/2018\/11\/fbmercat-400x300.jpg 400w, https:\/\/www.forumvicus.cat\/wp-content\/uploads\/2018\/11\/fbmercat-600x450.jpg 600w, https:\/\/www.forumvicus.cat\/wp-content\/uploads\/2018\/11\/fbmercat-800x600.jpg 800w, https:\/\/www.forumvicus.cat\/wp-content\/uploads\/2018\/11\/fbmercat.jpg 900w\" sizes=\"(min-width: 2200px) 100vw, (min-width: 824px) 410px, (min-width: 732px) 615px, (min-width: 640px) 732px, \" \/>\t\t\t<\/a>\n\t\t\t\t\t\t\t<\/div>\n<div class=\"fusion-portfolio-content\"><h2 class=\"entry-title fusion-post-title\"><a href=\"https:\/\/www.forumvicus.cat\/es\/portfolio-items\/del-mercado-a-la-tienda\/?portfolioCats=26\">Del mercado a la tienda.<\/a><\/h2><div class=\"fusion-post-content\"><\/div><\/div><\/div><\/article><article id=\"portfolio-1-post-2166\" class=\"fusion-portfolio-post vic-centro fusion-col-spacing post-2166\"><div class=\"fusion-portfolio-content-wrapper\" style=\"border:none;\"><span class=\"vcard rich-snippet-hidden\"><span class=\"fn\"><a href=\"https:\/\/www.forumvicus.cat\/es\/author\/38b723e702\/\" title=\"Entradas de 38b723e702\" rel=\"author\">38b723e702<\/a><\/span><\/span><span class=\"updated rich-snippet-hidden\">2021-03-05T16:52:03+00:00<\/span><div  class=\"fusion-image-wrapper\" aria-haspopup=\"true\">\n\t\t\t\t\t\t\t<a href=\"https:\/\/www.forumvicus.cat\/es\/portfolio-items\/inscripciones-y-mensajes-desconocidos-de-vic\/?portfolioCats=26\" aria-label=\"Inscripciones y mensajes desconocidos de Vic.\">\n\t\t\t\t\t\t\t<img decoding=\"async\" width=\"900\" height=\"675\" src=\"https:\/\/www.forumvicus.cat\/wp-content\/uploads\/2018\/11\/fbisncripcions.jpg\" class=\"attachment-full size-full wp-post-image\" alt=\"\" srcset=\"https:\/\/www.forumvicus.cat\/wp-content\/uploads\/2018\/11\/fbisncripcions-200x150.jpg 200w, https:\/\/www.forumvicus.cat\/wp-content\/uploads\/2018\/11\/fbisncripcions-400x300.jpg 400w, https:\/\/www.forumvicus.cat\/wp-content\/uploads\/2018\/11\/fbisncripcions-600x450.jpg 600w, https:\/\/www.forumvicus.cat\/wp-content\/uploads\/2018\/11\/fbisncripcions-800x600.jpg 800w, https:\/\/www.forumvicus.cat\/wp-content\/uploads\/2018\/11\/fbisncripcions.jpg 900w\" sizes=\"(min-width: 2200px) 100vw, (min-width: 824px) 410px, (min-width: 732px) 615px, (min-width: 640px) 732px, \" \/>\t\t\t<\/a>\n\t\t\t\t\t\t\t<\/div>\n<div class=\"fusion-portfolio-content\"><h2 class=\"entry-title fusion-post-title\"><a href=\"https:\/\/www.forumvicus.cat\/es\/portfolio-items\/inscripciones-y-mensajes-desconocidos-de-vic\/?portfolioCats=26\">Inscripciones y mensajes desconocidos de Vic.<\/a><\/h2><div class=\"fusion-post-content\"><\/div><\/div><\/div><\/article><article id=\"portfolio-1-post-2168\" class=\"fusion-portfolio-post vic-centro fusion-col-spacing post-2168\"><div class=\"fusion-portfolio-content-wrapper\" style=\"border:none;\"><span class=\"vcard rich-snippet-hidden\"><span class=\"fn\"><a href=\"https:\/\/www.forumvicus.cat\/es\/author\/38b723e702\/\" title=\"Entradas de 38b723e702\" rel=\"author\">38b723e702<\/a><\/span><\/span><span class=\"updated rich-snippet-hidden\">2022-08-17T06:55:12+00:00<\/span><div  class=\"fusion-image-wrapper\" aria-haspopup=\"true\">\n\t\t\t\t\t\t\t<a href=\"https:\/\/www.forumvicus.cat\/es\/portfolio-items\/la-ruta-nocturna-del-sereno\/?portfolioCats=26\" aria-label=\"La ruta nocturna del sereno.\">\n\t\t\t\t\t\t\t<img decoding=\"async\" width=\"1000\" height=\"750\" src=\"https:\/\/www.forumvicus.cat\/wp-content\/uploads\/2018\/11\/f2sereno.jpg\" class=\"attachment-full size-full wp-post-image\" alt=\"\" srcset=\"https:\/\/www.forumvicus.cat\/wp-content\/uploads\/2018\/11\/f2sereno-200x150.jpg 200w, https:\/\/www.forumvicus.cat\/wp-content\/uploads\/2018\/11\/f2sereno-400x300.jpg 400w, https:\/\/www.forumvicus.cat\/wp-content\/uploads\/2018\/11\/f2sereno-600x450.jpg 600w, https:\/\/www.forumvicus.cat\/wp-content\/uploads\/2018\/11\/f2sereno-800x600.jpg 800w, https:\/\/www.forumvicus.cat\/wp-content\/uploads\/2018\/11\/f2sereno.jpg 1000w\" sizes=\"(min-width: 2200px) 100vw, (min-width: 824px) 410px, (min-width: 732px) 615px, (min-width: 640px) 732px, \" \/>\t\t\t<\/a>\n\t\t\t\t\t\t\t<\/div>\n<div class=\"fusion-portfolio-content\"><h2 class=\"entry-title fusion-post-title\"><a href=\"https:\/\/www.forumvicus.cat\/es\/portfolio-items\/la-ruta-nocturna-del-sereno\/?portfolioCats=26\">La ruta nocturna del sereno.<\/a><\/h2><div class=\"fusion-post-content\"><\/div><\/div><\/div><\/article><article id=\"portfolio-1-post-2171\" class=\"fusion-portfolio-post vic-centro fusion-col-spacing post-2171\"><div class=\"fusion-portfolio-content-wrapper\" style=\"border:none;\"><span class=\"vcard rich-snippet-hidden\"><span class=\"fn\"><a href=\"https:\/\/www.forumvicus.cat\/es\/author\/38b723e702\/\" title=\"Entradas de 38b723e702\" rel=\"author\">38b723e702<\/a><\/span><\/span><span class=\"updated rich-snippet-hidden\">2021-03-05T16:53:16+00:00<\/span><div  class=\"fusion-image-wrapper\" aria-haspopup=\"true\">\n\t\t\t\t\t\t\t<a href=\"https:\/\/www.forumvicus.cat\/es\/portfolio-items\/el-seminario-viejo-de-vic\/?portfolioCats=26\" aria-label=\"El Seminario viejo de Vic.\">\n\t\t\t\t\t\t\t<img decoding=\"async\" width=\"1000\" height=\"750\" src=\"https:\/\/www.forumvicus.cat\/wp-content\/uploads\/2018\/11\/f5seminarivell-1.jpg\" class=\"attachment-full size-full wp-post-image\" alt=\"\" srcset=\"https:\/\/www.forumvicus.cat\/wp-content\/uploads\/2018\/11\/f5seminarivell-1-200x150.jpg 200w, https:\/\/www.forumvicus.cat\/wp-content\/uploads\/2018\/11\/f5seminarivell-1-400x300.jpg 400w, https:\/\/www.forumvicus.cat\/wp-content\/uploads\/2018\/11\/f5seminarivell-1-600x450.jpg 600w, https:\/\/www.forumvicus.cat\/wp-content\/uploads\/2018\/11\/f5seminarivell-1-800x600.jpg 800w, https:\/\/www.forumvicus.cat\/wp-content\/uploads\/2018\/11\/f5seminarivell-1.jpg 1000w\" sizes=\"(min-width: 2200px) 100vw, (min-width: 824px) 410px, (min-width: 732px) 615px, (min-width: 640px) 732px, \" \/>\t\t\t<\/a>\n\t\t\t\t\t\t\t<\/div>\n<div class=\"fusion-portfolio-content\"><h2 class=\"entry-title fusion-post-title\"><a href=\"https:\/\/www.forumvicus.cat\/es\/portfolio-items\/el-seminario-viejo-de-vic\/?portfolioCats=26\">El Seminario viejo de Vic.<\/a><\/h2><div class=\"fusion-post-content\"><\/div><\/div><\/div><\/article><article id=\"portfolio-1-post-2174\" class=\"fusion-portfolio-post vic-centro fusion-col-spacing post-2174\"><div class=\"fusion-portfolio-content-wrapper\" style=\"border:none;\"><span class=\"vcard rich-snippet-hidden\"><span class=\"fn\"><a href=\"https:\/\/www.forumvicus.cat\/es\/author\/38b723e702\/\" title=\"Entradas de 38b723e702\" rel=\"author\">38b723e702<\/a><\/span><\/span><span class=\"updated rich-snippet-hidden\">2021-03-05T16:53:46+00:00<\/span><div  class=\"fusion-image-wrapper\" aria-haspopup=\"true\">\n\t\t\t\t\t\t\t<a href=\"https:\/\/www.forumvicus.cat\/es\/portfolio-items\/tres-espacios-tres-leyendas\/?portfolioCats=26\" aria-label=\"Tres espacios, tres leyendas.\">\n\t\t\t\t\t\t\t<img decoding=\"async\" width=\"900\" height=\"675\" src=\"https:\/\/www.forumvicus.cat\/wp-content\/uploads\/2018\/11\/fbtresespais.jpg\" class=\"attachment-full size-full wp-post-image\" alt=\"\" srcset=\"https:\/\/www.forumvicus.cat\/wp-content\/uploads\/2018\/11\/fbtresespais-200x150.jpg 200w, https:\/\/www.forumvicus.cat\/wp-content\/uploads\/2018\/11\/fbtresespais-400x300.jpg 400w, https:\/\/www.forumvicus.cat\/wp-content\/uploads\/2018\/11\/fbtresespais-600x450.jpg 600w, https:\/\/www.forumvicus.cat\/wp-content\/uploads\/2018\/11\/fbtresespais-800x600.jpg 800w, https:\/\/www.forumvicus.cat\/wp-content\/uploads\/2018\/11\/fbtresespais.jpg 900w\" sizes=\"(min-width: 2200px) 100vw, (min-width: 824px) 410px, (min-width: 732px) 615px, (min-width: 640px) 732px, \" \/>\t\t\t<\/a>\n\t\t\t\t\t\t\t<\/div>\n<div class=\"fusion-portfolio-content\"><h2 class=\"entry-title fusion-post-title\"><a href=\"https:\/\/www.forumvicus.cat\/es\/portfolio-items\/tres-espacios-tres-leyendas\/?portfolioCats=26\">Tres espacios, tres leyendas.<\/a><\/h2><div class=\"fusion-post-content\"><\/div><\/div><\/div><\/article><article id=\"portfolio-1-post-2176\" class=\"fusion-portfolio-post vic-centro fusion-col-spacing post-2176\"><div class=\"fusion-portfolio-content-wrapper\" style=\"border:none;\"><span class=\"vcard rich-snippet-hidden\"><span class=\"fn\"><a href=\"https:\/\/www.forumvicus.cat\/es\/author\/38b723e702\/\" title=\"Entradas de 38b723e702\" rel=\"author\">38b723e702<\/a><\/span><\/span><span class=\"updated rich-snippet-hidden\">2021-03-05T16:58:30+00:00<\/span><div  class=\"fusion-image-wrapper\" aria-haspopup=\"true\">\n\t\t\t\t\t\t\t<a href=\"https:\/\/www.forumvicus.cat\/es\/portfolio-items\/las-sacristias-espacios-desconocidos-del-barroco-de-vic\/?portfolioCats=26\" aria-label=\"Las sacrist\u00edas, espacios desconocidos del barroco de Vic.\">\n\t\t\t\t\t\t\t<img decoding=\"async\" width=\"900\" height=\"675\" src=\"https:\/\/www.forumvicus.cat\/wp-content\/uploads\/2018\/11\/fbsagristies.jpg\" class=\"attachment-full size-full wp-post-image\" alt=\"\" srcset=\"https:\/\/www.forumvicus.cat\/wp-content\/uploads\/2018\/11\/fbsagristies-200x150.jpg 200w, https:\/\/www.forumvicus.cat\/wp-content\/uploads\/2018\/11\/fbsagristies-400x300.jpg 400w, https:\/\/www.forumvicus.cat\/wp-content\/uploads\/2018\/11\/fbsagristies-600x450.jpg 600w, https:\/\/www.forumvicus.cat\/wp-content\/uploads\/2018\/11\/fbsagristies-800x600.jpg 800w, https:\/\/www.forumvicus.cat\/wp-content\/uploads\/2018\/11\/fbsagristies.jpg 900w\" sizes=\"(min-width: 2200px) 100vw, (min-width: 824px) 410px, (min-width: 732px) 615px, (min-width: 640px) 732px, \" \/>\t\t\t<\/a>\n\t\t\t\t\t\t\t<\/div>\n<div class=\"fusion-portfolio-content\"><h2 class=\"entry-title fusion-post-title\"><a href=\"https:\/\/www.forumvicus.cat\/es\/portfolio-items\/las-sacristias-espacios-desconocidos-del-barroco-de-vic\/?portfolioCats=26\">Las sacrist\u00edas, espacios desconocidos del barroco de Vic.<\/a><\/h2><div class=\"fusion-post-content\"><\/div><\/div><\/div><\/article><article id=\"portfolio-1-post-2178\" class=\"fusion-portfolio-post vic-centro fusion-col-spacing post-2178\"><div class=\"fusion-portfolio-content-wrapper\" style=\"border:none;\"><span class=\"vcard rich-snippet-hidden\"><span class=\"fn\"><a href=\"https:\/\/www.forumvicus.cat\/es\/author\/38b723e702\/\" title=\"Entradas de 38b723e702\" rel=\"author\">38b723e702<\/a><\/span><\/span><span class=\"updated rich-snippet-hidden\">2021-03-05T16:59:06+00:00<\/span><div  class=\"fusion-image-wrapper\" aria-haspopup=\"true\">\n\t\t\t\t\t\t\t<a href=\"https:\/\/www.forumvicus.cat\/es\/portfolio-items\/paseando-por-el-barroco-de-vic\/?portfolioCats=26\" aria-label=\"Paseando por el barroco de Vic.\">\n\t\t\t\t\t\t\t<img decoding=\"async\" width=\"900\" height=\"675\" src=\"https:\/\/www.forumvicus.cat\/wp-content\/uploads\/2018\/11\/fbbarrocvigata.jpg\" class=\"attachment-full size-full wp-post-image\" alt=\"\" srcset=\"https:\/\/www.forumvicus.cat\/wp-content\/uploads\/2018\/11\/fbbarrocvigata-200x150.jpg 200w, https:\/\/www.forumvicus.cat\/wp-content\/uploads\/2018\/11\/fbbarrocvigata-400x300.jpg 400w, https:\/\/www.forumvicus.cat\/wp-content\/uploads\/2018\/11\/fbbarrocvigata-600x450.jpg 600w, https:\/\/www.forumvicus.cat\/wp-content\/uploads\/2018\/11\/fbbarrocvigata-800x600.jpg 800w, https:\/\/www.forumvicus.cat\/wp-content\/uploads\/2018\/11\/fbbarrocvigata.jpg 900w\" sizes=\"(min-width: 2200px) 100vw, (min-width: 824px) 410px, (min-width: 732px) 615px, (min-width: 640px) 732px, \" \/>\t\t\t<\/a>\n\t\t\t\t\t\t\t<\/div>\n<div class=\"fusion-portfolio-content\"><h2 class=\"entry-title fusion-post-title\"><a href=\"https:\/\/www.forumvicus.cat\/es\/portfolio-items\/paseando-por-el-barroco-de-vic\/?portfolioCats=26\">Paseando por el barroco de Vic.<\/a><\/h2><div class=\"fusion-post-content\"><\/div><\/div><\/div><\/article><article id=\"portfolio-1-post-2180\" class=\"fusion-portfolio-post vic-centro fusion-col-spacing post-2180\"><div class=\"fusion-portfolio-content-wrapper\" style=\"border:none;\"><span class=\"vcard rich-snippet-hidden\"><span class=\"fn\"><a href=\"https:\/\/www.forumvicus.cat\/es\/author\/38b723e702\/\" title=\"Entradas de 38b723e702\" rel=\"author\">38b723e702<\/a><\/span><\/span><span class=\"updated rich-snippet-hidden\">2021-03-05T16:59:36+00:00<\/span><div  class=\"fusion-image-wrapper\" aria-haspopup=\"true\">\n\t\t\t\t\t\t\t<a href=\"https:\/\/www.forumvicus.cat\/es\/portfolio-items\/descubrimiento-de-la-catedral-de-vic-un-espacio-milenario\/?portfolioCats=26\" aria-label=\"Descubrimiento de la catedral de Vic. Un espacio milenario.\">\n\t\t\t\t\t\t\t<img decoding=\"async\" width=\"900\" height=\"675\" src=\"https:\/\/www.forumvicus.cat\/wp-content\/uploads\/2018\/11\/fbcatedral.jpg\" class=\"attachment-full size-full wp-post-image\" alt=\"\" srcset=\"https:\/\/www.forumvicus.cat\/wp-content\/uploads\/2018\/11\/fbcatedral-200x150.jpg 200w, https:\/\/www.forumvicus.cat\/wp-content\/uploads\/2018\/11\/fbcatedral-400x300.jpg 400w, https:\/\/www.forumvicus.cat\/wp-content\/uploads\/2018\/11\/fbcatedral-600x450.jpg 600w, https:\/\/www.forumvicus.cat\/wp-content\/uploads\/2018\/11\/fbcatedral-800x600.jpg 800w, https:\/\/www.forumvicus.cat\/wp-content\/uploads\/2018\/11\/fbcatedral.jpg 900w\" sizes=\"(min-width: 2200px) 100vw, (min-width: 824px) 410px, (min-width: 732px) 615px, (min-width: 640px) 732px, \" \/>\t\t\t<\/a>\n\t\t\t\t\t\t\t<\/div>\n<div class=\"fusion-portfolio-content\"><h2 class=\"entry-title fusion-post-title\"><a href=\"https:\/\/www.forumvicus.cat\/es\/portfolio-items\/descubrimiento-de-la-catedral-de-vic-un-espacio-milenario\/?portfolioCats=26\">Descubrimiento de la catedral de Vic. Un espacio milenario.<\/a><\/h2><div class=\"fusion-post-content\"><\/div><\/div><\/div><\/article><article id=\"portfolio-1-post-2182\" class=\"fusion-portfolio-post vic-centro fusion-col-spacing post-2182\"><div class=\"fusion-portfolio-content-wrapper\" style=\"border:none;\"><span class=\"vcard rich-snippet-hidden\"><span class=\"fn\"><a href=\"https:\/\/www.forumvicus.cat\/es\/author\/38b723e702\/\" title=\"Entradas de 38b723e702\" rel=\"author\">38b723e702<\/a><\/span><\/span><span class=\"updated rich-snippet-hidden\">2021-03-05T16:59:58+00:00<\/span><div  class=\"fusion-image-wrapper\" aria-haspopup=\"true\">\n\t\t\t\t\t\t\t<a href=\"https:\/\/www.forumvicus.cat\/es\/portfolio-items\/vic-1-315-nacimiento-del-consejo-municipal\/?portfolioCats=26\" aria-label=\"Vic 1.315, nacimiento del consejo municipal.\">\n\t\t\t\t\t\t\t<img decoding=\"async\" width=\"900\" height=\"675\" src=\"https:\/\/www.forumvicus.cat\/wp-content\/uploads\/2018\/11\/fb1315.jpg\" class=\"attachment-full size-full wp-post-image\" alt=\"\" srcset=\"https:\/\/www.forumvicus.cat\/wp-content\/uploads\/2018\/11\/fb1315-200x150.jpg 200w, https:\/\/www.forumvicus.cat\/wp-content\/uploads\/2018\/11\/fb1315-400x300.jpg 400w, https:\/\/www.forumvicus.cat\/wp-content\/uploads\/2018\/11\/fb1315-600x450.jpg 600w, https:\/\/www.forumvicus.cat\/wp-content\/uploads\/2018\/11\/fb1315-800x600.jpg 800w, https:\/\/www.forumvicus.cat\/wp-content\/uploads\/2018\/11\/fb1315.jpg 900w\" sizes=\"(min-width: 2200px) 100vw, (min-width: 824px) 410px, (min-width: 732px) 615px, (min-width: 640px) 732px, \" \/>\t\t\t<\/a>\n\t\t\t\t\t\t\t<\/div>\n<div class=\"fusion-portfolio-content\"><h2 class=\"entry-title fusion-post-title\"><a href=\"https:\/\/www.forumvicus.cat\/es\/portfolio-items\/vic-1-315-nacimiento-del-consejo-municipal\/?portfolioCats=26\">Vic 1.315, nacimiento del consejo municipal.<\/a><\/h2><div class=\"fusion-post-content\"><\/div><\/div><\/div><\/article><article id=\"portfolio-1-post-2184\" class=\"fusion-portfolio-post vic-centro fusion-col-spacing post-2184\"><div class=\"fusion-portfolio-content-wrapper\" style=\"border:none;\"><span class=\"vcard rich-snippet-hidden\"><span class=\"fn\"><a href=\"https:\/\/www.forumvicus.cat\/es\/author\/38b723e702\/\" title=\"Entradas de 38b723e702\" rel=\"author\">38b723e702<\/a><\/span><\/span><span class=\"updated rich-snippet-hidden\">2021-03-05T17:00:20+00:00<\/span><div  class=\"fusion-image-wrapper\" aria-haspopup=\"true\">\n\t\t\t\t\t\t\t<a href=\"https:\/\/www.forumvicus.cat\/es\/portfolio-items\/vic-hace-1-000-anos-oliba-y-la-ciudad-medieval\/?portfolioCats=26\" aria-label=\"Vic hace 1.000 a\u00f1os. Oliba y la ciudad medieval.\">\n\t\t\t\t\t\t\t<img decoding=\"async\" width=\"900\" height=\"675\" src=\"https:\/\/www.forumvicus.cat\/wp-content\/uploads\/2018\/11\/fb100anys.jpg\" class=\"attachment-full size-full wp-post-image\" alt=\"\" srcset=\"https:\/\/www.forumvicus.cat\/wp-content\/uploads\/2018\/11\/fb100anys-200x150.jpg 200w, https:\/\/www.forumvicus.cat\/wp-content\/uploads\/2018\/11\/fb100anys-400x300.jpg 400w, https:\/\/www.forumvicus.cat\/wp-content\/uploads\/2018\/11\/fb100anys-600x450.jpg 600w, https:\/\/www.forumvicus.cat\/wp-content\/uploads\/2018\/11\/fb100anys-800x600.jpg 800w, https:\/\/www.forumvicus.cat\/wp-content\/uploads\/2018\/11\/fb100anys.jpg 900w\" sizes=\"(min-width: 2200px) 100vw, (min-width: 824px) 410px, (min-width: 732px) 615px, (min-width: 640px) 732px, \" \/>\t\t\t<\/a>\n\t\t\t\t\t\t\t<\/div>\n<div class=\"fusion-portfolio-content\"><h2 class=\"entry-title fusion-post-title\"><a href=\"https:\/\/www.forumvicus.cat\/es\/portfolio-items\/vic-hace-1-000-anos-oliba-y-la-ciudad-medieval\/?portfolioCats=26\">Vic hace 1.000 a\u00f1os. Oliba y la ciudad medieval.<\/a><\/h2><div class=\"fusion-post-content\"><\/div><\/div><\/div><\/article><article id=\"portfolio-1-post-2186\" class=\"fusion-portfolio-post vic-centro fusion-col-spacing post-2186\"><div class=\"fusion-portfolio-content-wrapper\" style=\"border:none;\"><span class=\"vcard rich-snippet-hidden\"><span class=\"fn\"><a href=\"https:\/\/www.forumvicus.cat\/es\/author\/38b723e702\/\" title=\"Entradas de 38b723e702\" rel=\"author\">38b723e702<\/a><\/span><\/span><span class=\"updated rich-snippet-hidden\">2021-03-05T17:00:43+00:00<\/span><div  class=\"fusion-image-wrapper\" aria-haspopup=\"true\">\n\t\t\t\t\t\t\t<a href=\"https:\/\/www.forumvicus.cat\/es\/portfolio-items\/las-curiosidades-y-los-secretos-de-la-procesion-de-los-armados\/?portfolioCats=26\" aria-label=\"Las curiosidades y los secretos de la Procesi\u00f3n de los Armados.\">\n\t\t\t\t\t\t\t<img decoding=\"async\" width=\"900\" height=\"675\" src=\"https:\/\/www.forumvicus.cat\/wp-content\/uploads\/2018\/11\/fbprocesso.jpg\" class=\"attachment-full size-full wp-post-image\" alt=\"\" srcset=\"https:\/\/www.forumvicus.cat\/wp-content\/uploads\/2018\/11\/fbprocesso-200x150.jpg 200w, https:\/\/www.forumvicus.cat\/wp-content\/uploads\/2018\/11\/fbprocesso-400x300.jpg 400w, https:\/\/www.forumvicus.cat\/wp-content\/uploads\/2018\/11\/fbprocesso-600x450.jpg 600w, https:\/\/www.forumvicus.cat\/wp-content\/uploads\/2018\/11\/fbprocesso-800x600.jpg 800w, https:\/\/www.forumvicus.cat\/wp-content\/uploads\/2018\/11\/fbprocesso.jpg 900w\" sizes=\"(min-width: 2200px) 100vw, (min-width: 824px) 410px, (min-width: 732px) 615px, (min-width: 640px) 732px, \" \/>\t\t\t<\/a>\n\t\t\t\t\t\t\t<\/div>\n<div class=\"fusion-portfolio-content\"><h2 class=\"entry-title fusion-post-title\"><a href=\"https:\/\/www.forumvicus.cat\/es\/portfolio-items\/las-curiosidades-y-los-secretos-de-la-procesion-de-los-armados\/?portfolioCats=26\">Las curiosidades y los secretos de la Procesi\u00f3n de los Armados.<\/a><\/h2><div class=\"fusion-post-content\"><\/div><\/div><\/div><\/article><article id=\"portfolio-1-post-2188\" class=\"fusion-portfolio-post vic-centro fusion-col-spacing post-2188\"><div class=\"fusion-portfolio-content-wrapper\" style=\"border:none;\"><span class=\"vcard rich-snippet-hidden\"><span class=\"fn\"><a href=\"https:\/\/www.forumvicus.cat\/es\/author\/38b723e702\/\" title=\"Entradas de 38b723e702\" rel=\"author\">38b723e702<\/a><\/span><\/span><span class=\"updated rich-snippet-hidden\">2021-03-05T17:01:06+00:00<\/span><div  class=\"fusion-image-wrapper\" aria-haspopup=\"true\">\n\t\t\t\t\t\t\t<a href=\"https:\/\/www.forumvicus.cat\/es\/portfolio-items\/un-paseo-por-el-centro-historico-la-ciudad-vista-desde-el-campanario\/?portfolioCats=26\" aria-label=\"Un paseo por el centro hist\u00f3rico. La ciudad vista desde el campanario.\">\n\t\t\t\t\t\t\t<img decoding=\"async\" width=\"900\" height=\"675\" src=\"https:\/\/www.forumvicus.cat\/wp-content\/uploads\/2018\/11\/fb1centrehistoric.jpg\" class=\"attachment-full size-full wp-post-image\" alt=\"\" srcset=\"https:\/\/www.forumvicus.cat\/wp-content\/uploads\/2018\/11\/fb1centrehistoric-200x150.jpg 200w, https:\/\/www.forumvicus.cat\/wp-content\/uploads\/2018\/11\/fb1centrehistoric-400x300.jpg 400w, https:\/\/www.forumvicus.cat\/wp-content\/uploads\/2018\/11\/fb1centrehistoric-600x450.jpg 600w, https:\/\/www.forumvicus.cat\/wp-content\/uploads\/2018\/11\/fb1centrehistoric-800x600.jpg 800w, https:\/\/www.forumvicus.cat\/wp-content\/uploads\/2018\/11\/fb1centrehistoric.jpg 900w\" sizes=\"(min-width: 2200px) 100vw, (min-width: 824px) 410px, (min-width: 732px) 615px, (min-width: 640px) 732px, \" \/>\t\t\t<\/a>\n\t\t\t\t\t\t\t<\/div>\n<div class=\"fusion-portfolio-content\"><h2 class=\"entry-title fusion-post-title\"><a href=\"https:\/\/www.forumvicus.cat\/es\/portfolio-items\/un-paseo-por-el-centro-historico-la-ciudad-vista-desde-el-campanario\/?portfolioCats=26\">Un paseo por el centro hist\u00f3rico. La ciudad vista desde el campanario.<\/a><\/h2><div class=\"fusion-post-content\"><\/div><\/div><\/div><\/article><article id=\"portfolio-1-post-2190\" class=\"fusion-portfolio-post vic-centro fusion-col-spacing post-2190\"><div class=\"fusion-portfolio-content-wrapper\" style=\"border:none;\"><span class=\"vcard rich-snippet-hidden\"><span class=\"fn\"><a href=\"https:\/\/www.forumvicus.cat\/es\/author\/38b723e702\/\" title=\"Entradas de 38b723e702\" rel=\"author\">38b723e702<\/a><\/span><\/span><span class=\"updated rich-snippet-hidden\">2021-03-05T17:01:27+00:00<\/span><div  class=\"fusion-image-wrapper\" aria-haspopup=\"true\">\n\t\t\t\t\t\t\t<a href=\"https:\/\/www.forumvicus.cat\/es\/portfolio-items\/siguiendo-la-huella-de-los-romanos-y-de-los-judios-en-vic\/?portfolioCats=26\" aria-label=\"Siguiendo la huella de los romanos y de los jud\u00edos en Vic.\">\n\t\t\t\t\t\t\t<img decoding=\"async\" width=\"900\" height=\"675\" src=\"https:\/\/www.forumvicus.cat\/wp-content\/uploads\/2018\/11\/fbromans.jpg\" class=\"attachment-full size-full wp-post-image\" alt=\"\" srcset=\"https:\/\/www.forumvicus.cat\/wp-content\/uploads\/2018\/11\/fbromans-200x150.jpg 200w, https:\/\/www.forumvicus.cat\/wp-content\/uploads\/2018\/11\/fbromans-400x300.jpg 400w, https:\/\/www.forumvicus.cat\/wp-content\/uploads\/2018\/11\/fbromans-600x450.jpg 600w, https:\/\/www.forumvicus.cat\/wp-content\/uploads\/2018\/11\/fbromans-800x600.jpg 800w, https:\/\/www.forumvicus.cat\/wp-content\/uploads\/2018\/11\/fbromans.jpg 900w\" sizes=\"(min-width: 2200px) 100vw, (min-width: 824px) 410px, (min-width: 732px) 615px, (min-width: 640px) 732px, \" \/>\t\t\t<\/a>\n\t\t\t\t\t\t\t<\/div>\n<div class=\"fusion-portfolio-content\"><h2 class=\"entry-title fusion-post-title\"><a href=\"https:\/\/www.forumvicus.cat\/es\/portfolio-items\/siguiendo-la-huella-de-los-romanos-y-de-los-judios-en-vic\/?portfolioCats=26\">Siguiendo la huella de los romanos y de los jud\u00edos en Vic.<\/a><\/h2><div class=\"fusion-post-content\"><\/div><\/div><\/div><\/article><article id=\"portfolio-1-post-2192\" class=\"fusion-portfolio-post vic-centro fusion-col-spacing post-2192\"><div class=\"fusion-portfolio-content-wrapper\" style=\"border:none;\"><span class=\"vcard rich-snippet-hidden\"><span class=\"fn\"><a href=\"https:\/\/www.forumvicus.cat\/es\/author\/38b723e702\/\" title=\"Entradas de 38b723e702\" rel=\"author\">38b723e702<\/a><\/span><\/span><span class=\"updated rich-snippet-hidden\">2021-03-05T17:01:51+00:00<\/span><div  class=\"fusion-image-wrapper\" aria-haspopup=\"true\">\n\t\t\t\t\t\t\t<a href=\"https:\/\/www.forumvicus.cat\/es\/portfolio-items\/los-organos-historicos-de-la-ciudad-de-vic\/?portfolioCats=26\" aria-label=\"Los \u00d3rganos hist\u00f3ricos de la ciudad de Vic.\">\n\t\t\t\t\t\t\t<img decoding=\"async\" width=\"900\" height=\"675\" src=\"https:\/\/www.forumvicus.cat\/wp-content\/uploads\/2018\/11\/fb.jpg\" class=\"attachment-full size-full wp-post-image\" alt=\"\" srcset=\"https:\/\/www.forumvicus.cat\/wp-content\/uploads\/2018\/11\/fb-200x150.jpg 200w, https:\/\/www.forumvicus.cat\/wp-content\/uploads\/2018\/11\/fb-400x300.jpg 400w, https:\/\/www.forumvicus.cat\/wp-content\/uploads\/2018\/11\/fb-600x450.jpg 600w, https:\/\/www.forumvicus.cat\/wp-content\/uploads\/2018\/11\/fb-800x600.jpg 800w, https:\/\/www.forumvicus.cat\/wp-content\/uploads\/2018\/11\/fb.jpg 900w\" sizes=\"(min-width: 2200px) 100vw, (min-width: 824px) 410px, (min-width: 732px) 615px, (min-width: 640px) 732px, \" \/>\t\t\t<\/a>\n\t\t\t\t\t\t\t<\/div>\n<div class=\"fusion-portfolio-content\"><h2 class=\"entry-title fusion-post-title\"><a href=\"https:\/\/www.forumvicus.cat\/es\/portfolio-items\/los-organos-historicos-de-la-ciudad-de-vic\/?portfolioCats=26\">Los \u00d3rganos hist\u00f3ricos de la ciudad de Vic.<\/a><\/h2><div class=\"fusion-post-content\"><\/div><\/div><\/div><\/article><article id=\"portfolio-1-post-2194\" class=\"fusion-portfolio-post vic-centro fusion-col-spacing post-2194\"><div class=\"fusion-portfolio-content-wrapper\" style=\"border:none;\"><span class=\"vcard rich-snippet-hidden\"><span class=\"fn\"><a href=\"https:\/\/www.forumvicus.cat\/es\/author\/38b723e702\/\" title=\"Entradas de 38b723e702\" rel=\"author\">38b723e702<\/a><\/span><\/span><span class=\"updated rich-snippet-hidden\">2022-11-03T17:46:57+00:00<\/span><div  class=\"fusion-image-wrapper\" aria-haspopup=\"true\">\n\t\t\t\t\t\t\t<a href=\"https:\/\/www.forumvicus.cat\/es\/portfolio-items\/los-antiguos-hospitales-de-vic\/?portfolioCats=26\" aria-label=\"Los antiguos hospitales de Vic.\">\n\t\t\t\t\t\t\t<img decoding=\"async\" width=\"1000\" height=\"750\" src=\"https:\/\/www.forumvicus.cat\/wp-content\/uploads\/2018\/11\/f1hospitals-1.jpg\" class=\"attachment-full size-full wp-post-image\" alt=\"\" srcset=\"https:\/\/www.forumvicus.cat\/wp-content\/uploads\/2018\/11\/f1hospitals-1-200x150.jpg 200w, https:\/\/www.forumvicus.cat\/wp-content\/uploads\/2018\/11\/f1hospitals-1-400x300.jpg 400w, https:\/\/www.forumvicus.cat\/wp-content\/uploads\/2018\/11\/f1hospitals-1-600x450.jpg 600w, https:\/\/www.forumvicus.cat\/wp-content\/uploads\/2018\/11\/f1hospitals-1-800x600.jpg 800w, https:\/\/www.forumvicus.cat\/wp-content\/uploads\/2018\/11\/f1hospitals-1.jpg 1000w\" sizes=\"(min-width: 2200px) 100vw, (min-width: 824px) 410px, (min-width: 732px) 615px, (min-width: 640px) 732px, \" \/>\t\t\t<\/a>\n\t\t\t\t\t\t\t<\/div>\n<div class=\"fusion-portfolio-content\"><h2 class=\"entry-title fusion-post-title\"><a href=\"https:\/\/www.forumvicus.cat\/es\/portfolio-items\/los-antiguos-hospitales-de-vic\/?portfolioCats=26\">Los antiguos hospitales de Vic.<\/a><\/h2><div class=\"fusion-post-content\"><\/div><\/div><\/div><\/article><article id=\"portfolio-1-post-2198\" class=\"fusion-portfolio-post vic-centro fusion-col-spacing post-2198\"><div class=\"fusion-portfolio-content-wrapper\" style=\"border:none;\"><span class=\"vcard rich-snippet-hidden\"><span class=\"fn\"><a href=\"https:\/\/www.forumvicus.cat\/es\/author\/38b723e702\/\" title=\"Entradas de 38b723e702\" rel=\"author\">38b723e702<\/a><\/span><\/span><span class=\"updated rich-snippet-hidden\">2021-03-05T17:02:58+00:00<\/span><div  class=\"fusion-image-wrapper\" aria-haspopup=\"true\">\n\t\t\t\t\t\t\t<a href=\"https:\/\/www.forumvicus.cat\/es\/portfolio-items\/la-ciudad-de-los-santos\/?portfolioCats=26\" aria-label=\"La ciudad de los Santos. Descubrimiento de las Hornacinas.\">\n\t\t\t\t\t\t\t<img decoding=\"async\" width=\"1600\" height=\"1200\" src=\"https:\/\/www.forumvicus.cat\/wp-content\/uploads\/2016\/01\/fb.jpg\" class=\"attachment-full size-full wp-post-image\" alt=\"\" srcset=\"https:\/\/www.forumvicus.cat\/wp-content\/uploads\/2016\/01\/fb-200x150.jpg 200w, https:\/\/www.forumvicus.cat\/wp-content\/uploads\/2016\/01\/fb-400x300.jpg 400w, https:\/\/www.forumvicus.cat\/wp-content\/uploads\/2016\/01\/fb-600x450.jpg 600w, https:\/\/www.forumvicus.cat\/wp-content\/uploads\/2016\/01\/fb-800x600.jpg 800w, https:\/\/www.forumvicus.cat\/wp-content\/uploads\/2016\/01\/fb-1200x900.jpg 1200w, https:\/\/www.forumvicus.cat\/wp-content\/uploads\/2016\/01\/fb.jpg 1600w\" sizes=\"(min-width: 2200px) 100vw, (min-width: 824px) 410px, (min-width: 732px) 615px, (min-width: 640px) 732px, \" \/>\t\t\t<\/a>\n\t\t\t\t\t\t\t<\/div>\n<div class=\"fusion-portfolio-content\"><h2 class=\"entry-title fusion-post-title\"><a href=\"https:\/\/www.forumvicus.cat\/es\/portfolio-items\/la-ciudad-de-los-santos\/?portfolioCats=26\">La ciudad de los Santos. Descubrimiento de las Hornacinas.<\/a><\/h2><div class=\"fusion-post-content\"><\/div><\/div><\/div><\/article><\/div><\/div>\n<\/div><div class=\"fusion-clearfix\"><\/div><\/div><\/div><\/div><\/div><\/p>\n","protected":false},"excerpt":{"rendered":"","protected":false},"author":1,"featured_media":0,"parent":0,"menu_order":0,"comment_status":"closed","ping_status":"closed","template":"100-width.php","meta":{"footnotes":""},"class_list":["post-2072","page","type-page","status-publish","hentry"],"yoast_head":"<!-- This site is optimized with the Yoast SEO plugin v27.5 - https:\/\/yoast.com\/product\/yoast-seo-wordpress\/ -->\n<title>Visitas guiadas y programadas por el centro de Vic - Forum Vicus<\/title>\n<meta name=\"description\" content=\"Propongo 18 visitas para redescubrir y disfrutar de lugares, espacios y rincones que forman parte del centro de Vic. Cada visita es una experiencia \u00fanica.\" \/>\n<meta name=\"robots\" content=\"index, follow, max-snippet:-1, max-image-preview:large, max-video-preview:-1\" \/>\n<link rel=\"canonical\" href=\"https:\/\/www.forumvicus.cat\/es\/vic-centro\/\" \/>\n<meta property=\"og:locale\" content=\"es_ES\" \/>\n<meta property=\"og:type\" content=\"article\" \/>\n<meta property=\"og:title\" content=\"Visitas guiadas y programadas por el centro de Vic - Forum Vicus\" \/>\n<meta property=\"og:description\" content=\"Propongo 18 visitas para redescubrir y disfrutar de lugares, espacios y rincones que forman parte del centro de Vic. Cada visita es una experiencia \u00fanica.\" \/>\n<meta property=\"og:url\" content=\"https:\/\/www.forumvicus.cat\/es\/vic-centro\/\" \/>\n<meta property=\"og:site_name\" content=\"FORUM VICUS\" \/>\n<meta property=\"article:modified_time\" content=\"2022-11-03T17:40:41+00:00\" \/>\n<meta name=\"twitter:card\" content=\"summary_large_image\" \/>\n<meta name=\"twitter:label1\" content=\"Tiempo de lectura\" \/>\n\t<meta name=\"twitter:data1\" content=\"3 minutos\" \/>\n<script type=\"application\/ld+json\" class=\"yoast-schema-graph\">{\"@context\":\"https:\\\/\\\/schema.org\",\"@graph\":[{\"@type\":\"WebPage\",\"@id\":\"https:\\\/\\\/www.forumvicus.cat\\\/es\\\/vic-centro\\\/\",\"url\":\"https:\\\/\\\/www.forumvicus.cat\\\/es\\\/vic-centro\\\/\",\"name\":\"Visitas guiadas y programadas por el centro de Vic - Forum Vicus\",\"isPartOf\":{\"@id\":\"https:\\\/\\\/www.forumvicus.cat\\\/#website\"},\"datePublished\":\"2018-10-30T16:42:14+00:00\",\"dateModified\":\"2022-11-03T17:40:41+00:00\",\"description\":\"Propongo 18 visitas para redescubrir y disfrutar de lugares, espacios y rincones que forman parte del centro de Vic. Cada visita es una experiencia \u00fanica.\",\"breadcrumb\":{\"@id\":\"https:\\\/\\\/www.forumvicus.cat\\\/es\\\/vic-centro\\\/#breadcrumb\"},\"inLanguage\":\"es\",\"potentialAction\":[{\"@type\":\"ReadAction\",\"target\":[\"https:\\\/\\\/www.forumvicus.cat\\\/es\\\/vic-centro\\\/\"]}]},{\"@type\":\"BreadcrumbList\",\"@id\":\"https:\\\/\\\/www.forumvicus.cat\\\/es\\\/vic-centro\\\/#breadcrumb\",\"itemListElement\":[{\"@type\":\"ListItem\",\"position\":1,\"name\":\"Portada\",\"item\":\"https:\\\/\\\/www.forumvicus.cat\\\/es\\\/\"},{\"@type\":\"ListItem\",\"position\":2,\"name\":\"Vic Centro\"}]},{\"@type\":\"WebSite\",\"@id\":\"https:\\\/\\\/www.forumvicus.cat\\\/#website\",\"url\":\"https:\\\/\\\/www.forumvicus.cat\\\/\",\"name\":\"FORUM VICUS\",\"description\":\"V\u00edsites guiades per Vic i Osona. Visites tur\u00edstiques i culturals.\",\"potentialAction\":[{\"@type\":\"SearchAction\",\"target\":{\"@type\":\"EntryPoint\",\"urlTemplate\":\"https:\\\/\\\/www.forumvicus.cat\\\/?s={search_term_string}\"},\"query-input\":{\"@type\":\"PropertyValueSpecification\",\"valueRequired\":true,\"valueName\":\"search_term_string\"}}],\"inLanguage\":\"es\"}]}<\/script>\n<!-- \/ Yoast SEO plugin. -->","yoast_head_json":{"title":"Visitas guiadas y programadas por el centro de Vic - Forum Vicus","description":"Propongo 18 visitas para redescubrir y disfrutar de lugares, espacios y rincones que forman parte del centro de Vic. Cada visita es una experiencia \u00fanica.","robots":{"index":"index","follow":"follow","max-snippet":"max-snippet:-1","max-image-preview":"max-image-preview:large","max-video-preview":"max-video-preview:-1"},"canonical":"https:\/\/www.forumvicus.cat\/es\/vic-centro\/","og_locale":"es_ES","og_type":"article","og_title":"Visitas guiadas y programadas por el centro de Vic - Forum Vicus","og_description":"Propongo 18 visitas para redescubrir y disfrutar de lugares, espacios y rincones que forman parte del centro de Vic. Cada visita es una experiencia \u00fanica.","og_url":"https:\/\/www.forumvicus.cat\/es\/vic-centro\/","og_site_name":"FORUM VICUS","article_modified_time":"2022-11-03T17:40:41+00:00","twitter_card":"summary_large_image","twitter_misc":{"Tiempo de lectura":"3 minutos"},"schema":{"@context":"https:\/\/schema.org","@graph":[{"@type":"WebPage","@id":"https:\/\/www.forumvicus.cat\/es\/vic-centro\/","url":"https:\/\/www.forumvicus.cat\/es\/vic-centro\/","name":"Visitas guiadas y programadas por el centro de Vic - Forum Vicus","isPartOf":{"@id":"https:\/\/www.forumvicus.cat\/#website"},"datePublished":"2018-10-30T16:42:14+00:00","dateModified":"2022-11-03T17:40:41+00:00","description":"Propongo 18 visitas para redescubrir y disfrutar de lugares, espacios y rincones que forman parte del centro de Vic. Cada visita es una experiencia \u00fanica.","breadcrumb":{"@id":"https:\/\/www.forumvicus.cat\/es\/vic-centro\/#breadcrumb"},"inLanguage":"es","potentialAction":[{"@type":"ReadAction","target":["https:\/\/www.forumvicus.cat\/es\/vic-centro\/"]}]},{"@type":"BreadcrumbList","@id":"https:\/\/www.forumvicus.cat\/es\/vic-centro\/#breadcrumb","itemListElement":[{"@type":"ListItem","position":1,"name":"Portada","item":"https:\/\/www.forumvicus.cat\/es\/"},{"@type":"ListItem","position":2,"name":"Vic Centro"}]},{"@type":"WebSite","@id":"https:\/\/www.forumvicus.cat\/#website","url":"https:\/\/www.forumvicus.cat\/","name":"FORUM VICUS","description":"V\u00edsites guiades per Vic i Osona. Visites tur\u00edstiques i culturals.","potentialAction":[{"@type":"SearchAction","target":{"@type":"EntryPoint","urlTemplate":"https:\/\/www.forumvicus.cat\/?s={search_term_string}"},"query-input":{"@type":"PropertyValueSpecification","valueRequired":true,"valueName":"search_term_string"}}],"inLanguage":"es"}]}},"_links":{"self":[{"href":"https:\/\/www.forumvicus.cat\/es\/wp-json\/wp\/v2\/pages\/2072","targetHints":{"allow":["GET"]}}],"collection":[{"href":"https:\/\/www.forumvicus.cat\/es\/wp-json\/wp\/v2\/pages"}],"about":[{"href":"https:\/\/www.forumvicus.cat\/es\/wp-json\/wp\/v2\/types\/page"}],"author":[{"embeddable":true,"href":"https:\/\/www.forumvicus.cat\/es\/wp-json\/wp\/v2\/users\/1"}],"replies":[{"embeddable":true,"href":"https:\/\/www.forumvicus.cat\/es\/wp-json\/wp\/v2\/comments?post=2072"}],"version-history":[{"count":5,"href":"https:\/\/www.forumvicus.cat\/es\/wp-json\/wp\/v2\/pages\/2072\/revisions"}],"predecessor-version":[{"id":2112,"href":"https:\/\/www.forumvicus.cat\/es\/wp-json\/wp\/v2\/pages\/2072\/revisions\/2112"}],"wp:attachment":[{"href":"https:\/\/www.forumvicus.cat\/es\/wp-json\/wp\/v2\/media?parent=2072"}],"curies":[{"name":"wp","href":"https:\/\/api.w.org\/{rel}","templated":true}]}}