{"id":2178,"date":"2018-11-28T15:51:08","date_gmt":"2018-11-28T15:51:08","guid":{"rendered":"http:\/\/www.forumvicus.cat\/portfolio-items\/passejant-pel-barroc-vigata\/"},"modified":"2021-03-05T16:59:06","modified_gmt":"2021-03-05T16:59:06","slug":"paseando-por-el-barroco-de-vic","status":"publish","type":"avada_portfolio","link":"https:\/\/www.forumvicus.cat\/es\/portfolio-items\/paseando-por-el-barroco-de-vic\/","title":{"rendered":"Paseando por el barroco de Vic."},"content":{"rendered":"<div class=\"fusion-fullwidth fullwidth-box fusion-builder-row-1 nonhundred-percent-fullwidth non-hundred-percent-height-scrolling fusion-equal-height-columns\" style=\"--awb-background-position:left top;--awb-border-radius-top-left:0px;--awb-border-radius-top-right:0px;--awb-border-radius-bottom-right:0px;--awb-border-radius-bottom-left:0px;--awb-padding-bottom:100px;--awb-background-color:#ffffff;--awb-border-sizes-top:0px;--awb-border-sizes-bottom:0px;--awb-flex-wrap:wrap;\" ><div class=\"fusion-builder-row fusion-row\"><div class=\"fusion-layout-column fusion_builder_column fusion-builder-column-0 fusion_builder_column_2_3 2_3 fusion-two-third fusion-column-first\" style=\"--awb-padding-top:40px;--awb-padding-right:30px;--awb-padding-bottom:40px;--awb-padding-left:30px;--awb-bg-color:#ffffff;--awb-bg-color-hover:#ffffff;--awb-bg-size:cover;--awb-border-color:#dddddd;--awb-border-top:1px;--awb-border-right:1px;--awb-border-bottom:1px;--awb-border-left:1px;--awb-border-style:solid;width:65.3333%; margin-right: 4%;\"><div class=\"fusion-column-wrapper fusion-flex-column-wrapper-legacy\"><div class=\"fusion-text fusion-text-1\"><h2 data-fontsize=\"35\">Paseando por el barroco de Vic.<\/h2>\n<\/div><div class=\"fusion-text fusion-text-2\"><p>El crecimiento demogr\u00e1fico y la pujanza econ\u00f3mica del S.XVIII, hacen de Vic, una ciudad eminentemente barroca con diversidad de edificios e iglesias de esta \u00e9poca. Dentro de este estilo hay retablos desconocidos por el p\u00fablico en general que hacen que los amantes de este arte se adentren por el \u00abVic Dorado\u00bb. Un recuerdo del esplendor de este per\u00edodo hist\u00f3rico de la mano de los escultores y talleres vigatans que traspasaron m\u00e1s all\u00e1 de su territorio, dejando aut\u00e9nticas \u00abbomboneras\u00bb llenas de exquisiteces.<\/p>\n<\/div><div class=\"fusion-sep-clear\"><\/div><div class=\"fusion-separator fusion-full-width-sep\" style=\"margin-left: auto;margin-right: auto;margin-top:30px;width:100%;\"><\/div><div class=\"fusion-sep-clear\"><\/div><div class=\"awb-gallery-wrapper awb-gallery-wrapper-1 button-span-no\"><div style=\"margin:-5px;--awb-bordersize:0px;\" class=\"fusion-gallery fusion-gallery-container fusion-grid-3 fusion-columns-total-5 fusion-gallery-layout-grid fusion-gallery-1\"><div style=\"padding:5px;\" class=\"fusion-grid-column fusion-gallery-column fusion-gallery-column-3 hover-type-none\"><div class=\"fusion-gallery-image\"><a href=\"https:\/\/www.forumvicus.cat\/wp-content\/uploads\/2018\/11\/f5barrocvic.jpg\" rel=\"noreferrer\" data-rel=\"iLightbox[gallery_image_1]\" class=\"fusion-lightbox\" target=\"_self\"><img decoding=\"async\" src=\"https:\/\/www.forumvicus.cat\/wp-content\/uploads\/2018\/11\/f5barrocvic.jpg\" width=\"800\" height=\"1000\" alt=\"\" title=\"f5barrocvic\" aria-label=\"f5barrocvic\" class=\"img-responsive wp-image-1678\" srcset=\"https:\/\/www.forumvicus.cat\/wp-content\/uploads\/2018\/11\/f5barrocvic-200x250.jpg 200w, https:\/\/www.forumvicus.cat\/wp-content\/uploads\/2018\/11\/f5barrocvic-400x500.jpg 400w, https:\/\/www.forumvicus.cat\/wp-content\/uploads\/2018\/11\/f5barrocvic-600x750.jpg 600w, https:\/\/www.forumvicus.cat\/wp-content\/uploads\/2018\/11\/f5barrocvic.jpg 800w\" sizes=\"(min-width: 2200px) 100vw, (min-width: 824px) 427px, (min-width: 732px) 640px, (min-width: 640px) 732px, \" \/><\/a><\/div><\/div><div style=\"padding:5px;\" class=\"fusion-grid-column fusion-gallery-column fusion-gallery-column-3 hover-type-none\"><div class=\"fusion-gallery-image\"><a href=\"https:\/\/www.forumvicus.cat\/wp-content\/uploads\/2018\/11\/f1barrocvic.jpg\" rel=\"noreferrer\" data-rel=\"iLightbox[gallery_image_1]\" class=\"fusion-lightbox\" target=\"_self\"><img decoding=\"async\" src=\"https:\/\/www.forumvicus.cat\/wp-content\/uploads\/2018\/11\/f1barrocvic.jpg\" width=\"1000\" height=\"1000\" alt=\"\" title=\"f1barrocvic\" aria-label=\"f1barrocvic\" class=\"img-responsive wp-image-1506\" srcset=\"https:\/\/www.forumvicus.cat\/wp-content\/uploads\/2018\/11\/f1barrocvic-200x200.jpg 200w, https:\/\/www.forumvicus.cat\/wp-content\/uploads\/2018\/11\/f1barrocvic-400x400.jpg 400w, https:\/\/www.forumvicus.cat\/wp-content\/uploads\/2018\/11\/f1barrocvic-600x600.jpg 600w, https:\/\/www.forumvicus.cat\/wp-content\/uploads\/2018\/11\/f1barrocvic-800x800.jpg 800w, https:\/\/www.forumvicus.cat\/wp-content\/uploads\/2018\/11\/f1barrocvic.jpg 1000w\" sizes=\"(min-width: 2200px) 100vw, (min-width: 824px) 427px, (min-width: 732px) 640px, (min-width: 640px) 732px, \" \/><\/a><\/div><\/div><div style=\"padding:5px;\" class=\"fusion-grid-column fusion-gallery-column fusion-gallery-column-3 hover-type-none\"><div class=\"fusion-gallery-image\"><a href=\"https:\/\/www.forumvicus.cat\/wp-content\/uploads\/2018\/11\/f2barrocvic.jpg\" rel=\"noreferrer\" data-rel=\"iLightbox[gallery_image_1]\" class=\"fusion-lightbox\" target=\"_self\"><img decoding=\"async\" src=\"https:\/\/www.forumvicus.cat\/wp-content\/uploads\/2018\/11\/f2barrocvic.jpg\" width=\"750\" height=\"1000\" alt=\"\" title=\"f2barrocvic\" aria-label=\"f2barrocvic\" class=\"img-responsive wp-image-1507\" srcset=\"https:\/\/www.forumvicus.cat\/wp-content\/uploads\/2018\/11\/f2barrocvic-200x267.jpg 200w, https:\/\/www.forumvicus.cat\/wp-content\/uploads\/2018\/11\/f2barrocvic-400x533.jpg 400w, https:\/\/www.forumvicus.cat\/wp-content\/uploads\/2018\/11\/f2barrocvic-600x800.jpg 600w, https:\/\/www.forumvicus.cat\/wp-content\/uploads\/2018\/11\/f2barrocvic.jpg 750w\" sizes=\"(min-width: 2200px) 100vw, (min-width: 824px) 427px, (min-width: 732px) 640px, (min-width: 640px) 732px, \" \/><\/a><\/div><\/div><div class=\"clearfix\"><\/div><div style=\"padding:5px;\" class=\"fusion-grid-column fusion-gallery-column fusion-gallery-column-3 hover-type-none\"><div class=\"fusion-gallery-image\"><a href=\"https:\/\/www.forumvicus.cat\/wp-content\/uploads\/2018\/11\/f3barrocvic.jpg\" rel=\"noreferrer\" data-rel=\"iLightbox[gallery_image_1]\" class=\"fusion-lightbox\" target=\"_self\"><img decoding=\"async\" src=\"https:\/\/www.forumvicus.cat\/wp-content\/uploads\/2018\/11\/f3barrocvic.jpg\" width=\"750\" height=\"1000\" alt=\"\" title=\"f3barrocvic\" aria-label=\"f3barrocvic\" class=\"img-responsive wp-image-1508\" srcset=\"https:\/\/www.forumvicus.cat\/wp-content\/uploads\/2018\/11\/f3barrocvic-200x267.jpg 200w, https:\/\/www.forumvicus.cat\/wp-content\/uploads\/2018\/11\/f3barrocvic-400x533.jpg 400w, https:\/\/www.forumvicus.cat\/wp-content\/uploads\/2018\/11\/f3barrocvic-600x800.jpg 600w, https:\/\/www.forumvicus.cat\/wp-content\/uploads\/2018\/11\/f3barrocvic.jpg 750w\" sizes=\"(min-width: 2200px) 100vw, (min-width: 824px) 427px, (min-width: 732px) 640px, (min-width: 640px) 732px, \" \/><\/a><\/div><\/div><div style=\"padding:5px;\" class=\"fusion-grid-column fusion-gallery-column fusion-gallery-column-3 hover-type-none\"><div class=\"fusion-gallery-image\"><a href=\"https:\/\/www.forumvicus.cat\/wp-content\/uploads\/2018\/11\/f4barrocvic.jpg\" rel=\"noreferrer\" data-rel=\"iLightbox[gallery_image_1]\" class=\"fusion-lightbox\" target=\"_self\"><img decoding=\"async\" src=\"https:\/\/www.forumvicus.cat\/wp-content\/uploads\/2018\/11\/f4barrocvic.jpg\" width=\"750\" height=\"1000\" alt=\"\" title=\"f4barrocvic\" aria-label=\"f4barrocvic\" class=\"img-responsive wp-image-1509\" srcset=\"https:\/\/www.forumvicus.cat\/wp-content\/uploads\/2018\/11\/f4barrocvic-200x267.jpg 200w, https:\/\/www.forumvicus.cat\/wp-content\/uploads\/2018\/11\/f4barrocvic-400x533.jpg 400w, https:\/\/www.forumvicus.cat\/wp-content\/uploads\/2018\/11\/f4barrocvic-600x800.jpg 600w, https:\/\/www.forumvicus.cat\/wp-content\/uploads\/2018\/11\/f4barrocvic.jpg 750w\" sizes=\"(min-width: 2200px) 100vw, (min-width: 824px) 427px, (min-width: 732px) 640px, (min-width: 640px) 732px, \" \/><\/a><\/div><\/div><\/div><\/div><div class=\"fusion-clearfix\"><\/div><\/div><\/div><div class=\"fusion-layout-column fusion_builder_column fusion-builder-column-1 fusion_builder_column_1_3 1_3 fusion-one-third fusion-column-last\" style=\"--awb-padding-top:40px;--awb-padding-right:30px;--awb-padding-bottom:30px;--awb-padding-left:30px;--awb-bg-color:#eaeaea;--awb-bg-color-hover:#eaeaea;--awb-bg-size:cover;--awb-border-color:#c4c4c4;--awb-border-style:solid;width:30.6666%;\"><div class=\"fusion-column-wrapper fusion-flex-column-wrapper-legacy\"><div class=\"fusion-text fusion-text-3\"><h2><span style=\"color: #000000;\">Precio\u00a0<strong>7 \u20ac<\/strong>*<\/span><\/h2>\n<p><em>* Precio por persona. Grupo m\u00ednimo de 12 o m\u00e1s personas. Menos de 12 personas a consultar precio.<\/em><\/p>\n<\/div><div class=\"fusion-sep-clear\"><\/div><div class=\"fusion-separator fusion-full-width-sep\" style=\"margin-left: auto;margin-right: auto;margin-top:0px;margin-bottom:30px;width:100%;max-width:100%;\"><div class=\"fusion-separator-border sep-single sep-solid\" style=\"--awb-height:20px;--awb-amount:20px;--awb-sep-color:#999999;border-color:#999999;border-top-width:2px;\"><\/div><\/div><div class=\"fusion-sep-clear\"><\/div><div class=\"fusion-text fusion-text-4\"><p><strong>Horario<\/strong>: De lunes a domingo horas convenidas<br \/>\n<strong>Duraci\u00f3n<\/strong>: 2h<br \/>\n<strong>M\u00ednimo personas<\/strong>: 1<br \/>\n<strong>Ni\u00f1os<\/strong>: gratuito hasta los 12 a\u00f1os<br \/>\n<strong>Lugar de encuentro<\/strong>: Casa de San Miguel de los Santos de Vic en la calle de San Miguel de los Santos.<br \/>\n<strong>Visitas de pago<\/strong>: El precio no incluye los tickets de entrada a posibles lugares de pago.<\/p>\n<\/div><div class=\"fusion-sep-clear\"><\/div><div class=\"fusion-separator fusion-full-width-sep\" style=\"margin-left: auto;margin-right: auto;margin-top:20px;margin-bottom:30px;width:100%;max-width:100%;\"><div class=\"fusion-separator-border sep-single sep-solid\" style=\"--awb-height:20px;--awb-amount:20px;--awb-sep-color:#999999;border-color:#999999;border-top-width:2px;\"><\/div><\/div><div class=\"fusion-sep-clear\"><\/div><div class=\"fusion-text fusion-text-5\"><h2><span style=\"color: #999999;\"><span style=\"color: #000000;\">Cont\u00e1ctanos<\/span><br \/>\n<\/span><\/h2>\n<\/div><div class=\"fusion-text fusion-text-6\"><p>Hola! Si necesita m\u00e1s informaci\u00f3n, desea solicitar un presupuesto a medida o reservar cualquiera de nuestras visitas, llame o env\u00edenos un mensaje.<\/p>\n<\/div><div class=\"fusion-text fusion-text-7\"><h3><strong>646 41 33 10<\/strong><br \/>\n<a title=\"Visites Forum Vicus\" href=\"mailto:visites@forumvicus.cat\">visites@forumvicus.cat<\/a><\/h3>\n<\/div><div class=\"fusion-clearfix\"><\/div><\/div><\/div><\/div><\/div>\n","protected":false},"excerpt":{"rendered":"","protected":false},"author":1,"featured_media":2179,"menu_order":0,"comment_status":"closed","ping_status":"closed","template":"","format":"standard","meta":{"footnotes":""},"portfolio_category":[26],"portfolio_skills":[],"portfolio_tags":[],"class_list":["post-2178","avada_portfolio","type-avada_portfolio","status-publish","format-standard","has-post-thumbnail","hentry","portfolio_category-vic-centro"],"yoast_head":"<!-- This site is optimized with the Yoast SEO plugin v27.5 - https:\/\/yoast.com\/product\/yoast-seo-wordpress\/ -->\n<title>Paseando por el barroco de Vic. - FORUM VICUS<\/title>\n<meta name=\"robots\" content=\"index, follow, max-snippet:-1, max-image-preview:large, max-video-preview:-1\" \/>\n<link rel=\"canonical\" href=\"https:\/\/www.forumvicus.cat\/es\/portfolio-items\/paseando-por-el-barroco-de-vic\/\" \/>\n<meta property=\"og:locale\" content=\"es_ES\" \/>\n<meta property=\"og:type\" content=\"article\" \/>\n<meta property=\"og:title\" content=\"Paseando por el barroco de Vic. - FORUM VICUS\" \/>\n<meta property=\"og:url\" content=\"https:\/\/www.forumvicus.cat\/es\/portfolio-items\/paseando-por-el-barroco-de-vic\/\" \/>\n<meta property=\"og:site_name\" content=\"FORUM VICUS\" \/>\n<meta property=\"article:modified_time\" content=\"2021-03-05T16:59:06+00:00\" \/>\n<meta property=\"og:image\" content=\"https:\/\/www.forumvicus.cat\/wp-content\/uploads\/2018\/11\/fbbarrocvigata.jpg\" \/>\n\t<meta property=\"og:image:width\" content=\"900\" \/>\n\t<meta property=\"og:image:height\" content=\"675\" \/>\n\t<meta property=\"og:image:type\" content=\"image\/jpeg\" \/>\n<meta name=\"twitter:card\" content=\"summary_large_image\" \/>\n<meta name=\"twitter:label1\" content=\"Tiempo de lectura\" \/>\n\t<meta name=\"twitter:data1\" content=\"4 minutos\" \/>\n<script type=\"application\/ld+json\" class=\"yoast-schema-graph\">{\"@context\":\"https:\\\/\\\/schema.org\",\"@graph\":[{\"@type\":\"WebPage\",\"@id\":\"https:\\\/\\\/www.forumvicus.cat\\\/es\\\/portfolio-items\\\/paseando-por-el-barroco-de-vic\\\/\",\"url\":\"https:\\\/\\\/www.forumvicus.cat\\\/es\\\/portfolio-items\\\/paseando-por-el-barroco-de-vic\\\/\",\"name\":\"Paseando por el barroco de Vic. - FORUM VICUS\",\"isPartOf\":{\"@id\":\"https:\\\/\\\/www.forumvicus.cat\\\/#website\"},\"primaryImageOfPage\":{\"@id\":\"https:\\\/\\\/www.forumvicus.cat\\\/es\\\/portfolio-items\\\/paseando-por-el-barroco-de-vic\\\/#primaryimage\"},\"image\":{\"@id\":\"https:\\\/\\\/www.forumvicus.cat\\\/es\\\/portfolio-items\\\/paseando-por-el-barroco-de-vic\\\/#primaryimage\"},\"thumbnailUrl\":\"https:\\\/\\\/www.forumvicus.cat\\\/wp-content\\\/uploads\\\/2018\\\/11\\\/fbbarrocvigata.jpg\",\"datePublished\":\"2018-11-28T15:51:08+00:00\",\"dateModified\":\"2021-03-05T16:59:06+00:00\",\"breadcrumb\":{\"@id\":\"https:\\\/\\\/www.forumvicus.cat\\\/es\\\/portfolio-items\\\/paseando-por-el-barroco-de-vic\\\/#breadcrumb\"},\"inLanguage\":\"es\",\"potentialAction\":[{\"@type\":\"ReadAction\",\"target\":[\"https:\\\/\\\/www.forumvicus.cat\\\/es\\\/portfolio-items\\\/paseando-por-el-barroco-de-vic\\\/\"]}]},{\"@type\":\"ImageObject\",\"inLanguage\":\"es\",\"@id\":\"https:\\\/\\\/www.forumvicus.cat\\\/es\\\/portfolio-items\\\/paseando-por-el-barroco-de-vic\\\/#primaryimage\",\"url\":\"https:\\\/\\\/www.forumvicus.cat\\\/wp-content\\\/uploads\\\/2018\\\/11\\\/fbbarrocvigata.jpg\",\"contentUrl\":\"https:\\\/\\\/www.forumvicus.cat\\\/wp-content\\\/uploads\\\/2018\\\/11\\\/fbbarrocvigata.jpg\",\"width\":900,\"height\":675},{\"@type\":\"BreadcrumbList\",\"@id\":\"https:\\\/\\\/www.forumvicus.cat\\\/es\\\/portfolio-items\\\/paseando-por-el-barroco-de-vic\\\/#breadcrumb\",\"itemListElement\":[{\"@type\":\"ListItem\",\"position\":1,\"name\":\"Portada\",\"item\":\"https:\\\/\\\/www.forumvicus.cat\\\/es\\\/\"},{\"@type\":\"ListItem\",\"position\":2,\"name\":\"Portfolio\",\"item\":\"https:\\\/\\\/www.forumvicus.cat\\\/portfolio-items\\\/\"},{\"@type\":\"ListItem\",\"position\":3,\"name\":\"Paseando por el barroco de Vic.\"}]},{\"@type\":\"WebSite\",\"@id\":\"https:\\\/\\\/www.forumvicus.cat\\\/#website\",\"url\":\"https:\\\/\\\/www.forumvicus.cat\\\/\",\"name\":\"FORUM VICUS\",\"description\":\"V\u00edsites guiades per Vic i Osona. Visites tur\u00edstiques i culturals.\",\"potentialAction\":[{\"@type\":\"SearchAction\",\"target\":{\"@type\":\"EntryPoint\",\"urlTemplate\":\"https:\\\/\\\/www.forumvicus.cat\\\/?s={search_term_string}\"},\"query-input\":{\"@type\":\"PropertyValueSpecification\",\"valueRequired\":true,\"valueName\":\"search_term_string\"}}],\"inLanguage\":\"es\"}]}<\/script>\n<!-- \/ Yoast SEO plugin. -->","yoast_head_json":{"title":"Paseando por el barroco de Vic. - FORUM VICUS","robots":{"index":"index","follow":"follow","max-snippet":"max-snippet:-1","max-image-preview":"max-image-preview:large","max-video-preview":"max-video-preview:-1"},"canonical":"https:\/\/www.forumvicus.cat\/es\/portfolio-items\/paseando-por-el-barroco-de-vic\/","og_locale":"es_ES","og_type":"article","og_title":"Paseando por el barroco de Vic. - FORUM VICUS","og_url":"https:\/\/www.forumvicus.cat\/es\/portfolio-items\/paseando-por-el-barroco-de-vic\/","og_site_name":"FORUM VICUS","article_modified_time":"2021-03-05T16:59:06+00:00","og_image":[{"width":900,"height":675,"url":"https:\/\/www.forumvicus.cat\/wp-content\/uploads\/2018\/11\/fbbarrocvigata.jpg","type":"image\/jpeg"}],"twitter_card":"summary_large_image","twitter_misc":{"Tiempo de lectura":"4 minutos"},"schema":{"@context":"https:\/\/schema.org","@graph":[{"@type":"WebPage","@id":"https:\/\/www.forumvicus.cat\/es\/portfolio-items\/paseando-por-el-barroco-de-vic\/","url":"https:\/\/www.forumvicus.cat\/es\/portfolio-items\/paseando-por-el-barroco-de-vic\/","name":"Paseando por el barroco de Vic. - FORUM VICUS","isPartOf":{"@id":"https:\/\/www.forumvicus.cat\/#website"},"primaryImageOfPage":{"@id":"https:\/\/www.forumvicus.cat\/es\/portfolio-items\/paseando-por-el-barroco-de-vic\/#primaryimage"},"image":{"@id":"https:\/\/www.forumvicus.cat\/es\/portfolio-items\/paseando-por-el-barroco-de-vic\/#primaryimage"},"thumbnailUrl":"https:\/\/www.forumvicus.cat\/wp-content\/uploads\/2018\/11\/fbbarrocvigata.jpg","datePublished":"2018-11-28T15:51:08+00:00","dateModified":"2021-03-05T16:59:06+00:00","breadcrumb":{"@id":"https:\/\/www.forumvicus.cat\/es\/portfolio-items\/paseando-por-el-barroco-de-vic\/#breadcrumb"},"inLanguage":"es","potentialAction":[{"@type":"ReadAction","target":["https:\/\/www.forumvicus.cat\/es\/portfolio-items\/paseando-por-el-barroco-de-vic\/"]}]},{"@type":"ImageObject","inLanguage":"es","@id":"https:\/\/www.forumvicus.cat\/es\/portfolio-items\/paseando-por-el-barroco-de-vic\/#primaryimage","url":"https:\/\/www.forumvicus.cat\/wp-content\/uploads\/2018\/11\/fbbarrocvigata.jpg","contentUrl":"https:\/\/www.forumvicus.cat\/wp-content\/uploads\/2018\/11\/fbbarrocvigata.jpg","width":900,"height":675},{"@type":"BreadcrumbList","@id":"https:\/\/www.forumvicus.cat\/es\/portfolio-items\/paseando-por-el-barroco-de-vic\/#breadcrumb","itemListElement":[{"@type":"ListItem","position":1,"name":"Portada","item":"https:\/\/www.forumvicus.cat\/es\/"},{"@type":"ListItem","position":2,"name":"Portfolio","item":"https:\/\/www.forumvicus.cat\/portfolio-items\/"},{"@type":"ListItem","position":3,"name":"Paseando por el barroco de Vic."}]},{"@type":"WebSite","@id":"https:\/\/www.forumvicus.cat\/#website","url":"https:\/\/www.forumvicus.cat\/","name":"FORUM VICUS","description":"V\u00edsites guiades per Vic i Osona. Visites tur\u00edstiques i culturals.","potentialAction":[{"@type":"SearchAction","target":{"@type":"EntryPoint","urlTemplate":"https:\/\/www.forumvicus.cat\/?s={search_term_string}"},"query-input":{"@type":"PropertyValueSpecification","valueRequired":true,"valueName":"search_term_string"}}],"inLanguage":"es"}]}},"_links":{"self":[{"href":"https:\/\/www.forumvicus.cat\/es\/wp-json\/wp\/v2\/avada_portfolio\/2178","targetHints":{"allow":["GET"]}}],"collection":[{"href":"https:\/\/www.forumvicus.cat\/es\/wp-json\/wp\/v2\/avada_portfolio"}],"about":[{"href":"https:\/\/www.forumvicus.cat\/es\/wp-json\/wp\/v2\/types\/avada_portfolio"}],"author":[{"embeddable":true,"href":"https:\/\/www.forumvicus.cat\/es\/wp-json\/wp\/v2\/users\/1"}],"replies":[{"embeddable":true,"href":"https:\/\/www.forumvicus.cat\/es\/wp-json\/wp\/v2\/comments?post=2178"}],"version-history":[{"count":2,"href":"https:\/\/www.forumvicus.cat\/es\/wp-json\/wp\/v2\/avada_portfolio\/2178\/revisions"}],"predecessor-version":[{"id":2363,"href":"https:\/\/www.forumvicus.cat\/es\/wp-json\/wp\/v2\/avada_portfolio\/2178\/revisions\/2363"}],"wp:featuredmedia":[{"embeddable":true,"href":"https:\/\/www.forumvicus.cat\/es\/wp-json\/wp\/v2\/media\/2179"}],"wp:attachment":[{"href":"https:\/\/www.forumvicus.cat\/es\/wp-json\/wp\/v2\/media?parent=2178"}],"wp:term":[{"taxonomy":"portfolio_category","embeddable":true,"href":"https:\/\/www.forumvicus.cat\/es\/wp-json\/wp\/v2\/portfolio_category?post=2178"},{"taxonomy":"portfolio_skills","embeddable":true,"href":"https:\/\/www.forumvicus.cat\/es\/wp-json\/wp\/v2\/portfolio_skills?post=2178"},{"taxonomy":"portfolio_tags","embeddable":true,"href":"https:\/\/www.forumvicus.cat\/es\/wp-json\/wp\/v2\/portfolio_tags?post=2178"}],"curies":[{"name":"wp","href":"https:\/\/api.w.org\/{rel}","templated":true}]}}