{"id":2174,"date":"2018-11-28T16:06:03","date_gmt":"2018-11-28T16:06:03","guid":{"rendered":"http:\/\/www.forumvicus.cat\/portfolio-items\/tres-espais-tres-llegendes\/"},"modified":"2021-03-05T16:53:46","modified_gmt":"2021-03-05T16:53:46","slug":"tres-espacios-tres-leyendas","status":"publish","type":"avada_portfolio","link":"https:\/\/www.forumvicus.cat\/es\/portfolio-items\/tres-espacios-tres-leyendas\/","title":{"rendered":"Tres espacios, tres leyendas."},"content":{"rendered":"<div class=\"fusion-fullwidth fullwidth-box fusion-builder-row-1 nonhundred-percent-fullwidth non-hundred-percent-height-scrolling fusion-equal-height-columns\" style=\"--awb-background-position:left top;--awb-border-radius-top-left:0px;--awb-border-radius-top-right:0px;--awb-border-radius-bottom-right:0px;--awb-border-radius-bottom-left:0px;--awb-padding-bottom:100px;--awb-background-color:#ffffff;--awb-border-sizes-top:0px;--awb-border-sizes-bottom:0px;--awb-flex-wrap:wrap;\" ><div class=\"fusion-builder-row fusion-row\"><div class=\"fusion-layout-column fusion_builder_column fusion-builder-column-0 fusion_builder_column_2_3 2_3 fusion-two-third fusion-column-first\" style=\"--awb-padding-top:40px;--awb-padding-right:30px;--awb-padding-bottom:40px;--awb-padding-left:30px;--awb-bg-color:#ffffff;--awb-bg-color-hover:#ffffff;--awb-bg-size:cover;--awb-border-color:#dddddd;--awb-border-top:1px;--awb-border-right:1px;--awb-border-bottom:1px;--awb-border-left:1px;--awb-border-style:solid;width:65.3333%; margin-right: 4%;\"><div class=\"fusion-column-wrapper fusion-flex-column-wrapper-legacy\"><div class=\"fusion-text fusion-text-1\"><h2 data-fontsize=\"35\">Tres espacios, tres leyendas.<\/h2>\n<\/div><div class=\"fusion-text fusion-text-2\"><p>De todo el repertorio de leyendas vigatanas, he escogido tres, vinculadas a espacios f\u00edsicos del n\u00facleo medieval. El misterio que siempre acompa\u00f1a estos relatos nos da ese punto entre curiosidad e intriga para poner una mirada especial a partir de todo lo que se explica desde hace siglos y que termin\u00f3 imprimiendo car\u00e1cter a la ciudad y en algunos de sus edificios.<\/p>\n<p>Patios, edificios o tumbas que nos dicen algo m\u00e1s de s\u00ed mismas, cuando entra en escena la leyenda que los envuelve.<\/p>\n<\/div><div class=\"fusion-sep-clear\"><\/div><div class=\"fusion-separator fusion-full-width-sep\" style=\"margin-left: auto;margin-right: auto;margin-top:30px;width:100%;\"><\/div><div class=\"fusion-sep-clear\"><\/div><div class=\"awb-gallery-wrapper awb-gallery-wrapper-1 button-span-no\"><div style=\"margin:-5px;--awb-bordersize:0px;\" class=\"fusion-gallery fusion-gallery-container fusion-grid-3 fusion-columns-total-3 fusion-gallery-layout-grid fusion-gallery-1\"><div style=\"padding:5px;\" class=\"fusion-grid-column fusion-gallery-column fusion-gallery-column-3 hover-type-none\"><div class=\"fusion-gallery-image\"><a href=\"https:\/\/www.forumvicus.cat\/wp-content\/uploads\/2018\/11\/f1tresespais-1.jpg\" rel=\"noreferrer\" data-rel=\"iLightbox[gallery_image_1]\" class=\"fusion-lightbox\" target=\"_self\"><img decoding=\"async\" src=\"https:\/\/www.forumvicus.cat\/wp-content\/uploads\/2018\/11\/f1tresespais-1.jpg\" width=\"750\" height=\"1000\" alt=\"\" title=\"f1tresespais\" aria-label=\"f1tresespais\" class=\"img-responsive wp-image-1497\" srcset=\"https:\/\/www.forumvicus.cat\/wp-content\/uploads\/2018\/11\/f1tresespais-1-200x267.jpg 200w, https:\/\/www.forumvicus.cat\/wp-content\/uploads\/2018\/11\/f1tresespais-1-400x533.jpg 400w, https:\/\/www.forumvicus.cat\/wp-content\/uploads\/2018\/11\/f1tresespais-1-600x800.jpg 600w, https:\/\/www.forumvicus.cat\/wp-content\/uploads\/2018\/11\/f1tresespais-1.jpg 750w\" sizes=\"(min-width: 2200px) 100vw, (min-width: 824px) 427px, (min-width: 732px) 640px, (min-width: 640px) 732px, \" \/><\/a><\/div><\/div><div style=\"padding:5px;\" class=\"fusion-grid-column fusion-gallery-column fusion-gallery-column-3 hover-type-none\"><div class=\"fusion-gallery-image\"><a href=\"https:\/\/www.forumvicus.cat\/wp-content\/uploads\/2018\/11\/f2tresespais.jpg\" rel=\"noreferrer\" data-rel=\"iLightbox[gallery_image_1]\" class=\"fusion-lightbox\" target=\"_self\"><img decoding=\"async\" src=\"https:\/\/www.forumvicus.cat\/wp-content\/uploads\/2018\/11\/f2tresespais.jpg\" width=\"750\" height=\"1000\" alt=\"\" title=\"f2tresespais\" aria-label=\"f2tresespais\" class=\"img-responsive wp-image-1798\" srcset=\"https:\/\/www.forumvicus.cat\/wp-content\/uploads\/2018\/11\/f2tresespais-200x267.jpg 200w, https:\/\/www.forumvicus.cat\/wp-content\/uploads\/2018\/11\/f2tresespais-400x533.jpg 400w, https:\/\/www.forumvicus.cat\/wp-content\/uploads\/2018\/11\/f2tresespais-600x800.jpg 600w, https:\/\/www.forumvicus.cat\/wp-content\/uploads\/2018\/11\/f2tresespais.jpg 750w\" sizes=\"(min-width: 2200px) 100vw, (min-width: 824px) 427px, (min-width: 732px) 640px, (min-width: 640px) 732px, \" \/><\/a><\/div><\/div><div style=\"padding:5px;\" class=\"fusion-grid-column fusion-gallery-column fusion-gallery-column-3 hover-type-none\"><div class=\"fusion-gallery-image\"><a href=\"https:\/\/www.forumvicus.cat\/wp-content\/uploads\/2018\/11\/f3tresespais.jpg\" rel=\"noreferrer\" data-rel=\"iLightbox[gallery_image_1]\" class=\"fusion-lightbox\" target=\"_self\"><img decoding=\"async\" src=\"https:\/\/www.forumvicus.cat\/wp-content\/uploads\/2018\/11\/f3tresespais.jpg\" width=\"750\" height=\"1000\" alt=\"\" title=\"f3tresespais\" aria-label=\"f3tresespais\" class=\"img-responsive wp-image-1799\" srcset=\"https:\/\/www.forumvicus.cat\/wp-content\/uploads\/2018\/11\/f3tresespais-200x267.jpg 200w, https:\/\/www.forumvicus.cat\/wp-content\/uploads\/2018\/11\/f3tresespais-400x533.jpg 400w, https:\/\/www.forumvicus.cat\/wp-content\/uploads\/2018\/11\/f3tresespais-600x800.jpg 600w, https:\/\/www.forumvicus.cat\/wp-content\/uploads\/2018\/11\/f3tresespais.jpg 750w\" sizes=\"(min-width: 2200px) 100vw, (min-width: 824px) 427px, (min-width: 732px) 640px, (min-width: 640px) 732px, \" \/><\/a><\/div><\/div><div class=\"clearfix\"><\/div><\/div><\/div><div class=\"fusion-clearfix\"><\/div><\/div><\/div><div class=\"fusion-layout-column fusion_builder_column fusion-builder-column-1 fusion_builder_column_1_3 1_3 fusion-one-third fusion-column-last\" style=\"--awb-padding-top:40px;--awb-padding-right:30px;--awb-padding-bottom:30px;--awb-padding-left:30px;--awb-bg-color:#eaeaea;--awb-bg-color-hover:#eaeaea;--awb-bg-size:cover;--awb-border-color:#c4c4c4;--awb-border-style:solid;width:30.6666%;\"><div class=\"fusion-column-wrapper fusion-flex-column-wrapper-legacy\"><div class=\"fusion-text fusion-text-3\"><h2><span style=\"color: #000000;\">Precio\u00a0<strong>7 \u20ac<\/strong>*<\/span><\/h2>\n<p><em>* Precio por persona. Grupo m\u00ednimo de 12 o m\u00e1s personas. Menos de 12 personas a consultar precio.<\/em><\/p>\n<\/div><div class=\"fusion-sep-clear\"><\/div><div class=\"fusion-separator fusion-full-width-sep\" style=\"margin-left: auto;margin-right: auto;margin-top:0px;margin-bottom:30px;width:100%;max-width:100%;\"><div class=\"fusion-separator-border sep-single sep-solid\" style=\"--awb-height:20px;--awb-amount:20px;--awb-sep-color:#999999;border-color:#999999;border-top-width:2px;\"><\/div><\/div><div class=\"fusion-sep-clear\"><\/div><div class=\"fusion-text fusion-text-4\"><p><strong>Horario<\/strong>: De lunes a domingo horas convenidas<br \/>\n<strong>Duraci\u00f3n<\/strong>: 1 30h<br \/>\n<strong>M\u00ednimo personas<\/strong>: 1<br \/>\n<strong>Ni\u00f1os<\/strong>: gratuito hasta los 12 a\u00f1os<br \/>\n<strong>Lugar de encuentro<\/strong>: Plaza Don Miquel de Clariana (Monumento al Estudiante de Vic)<br \/>\n<strong>Visitas de pago<\/strong>: El precio no incluye los tickets de entrada a posibles lugares de pago.<\/p>\n<\/div><div class=\"fusion-sep-clear\"><\/div><div class=\"fusion-separator fusion-full-width-sep\" style=\"margin-left: auto;margin-right: auto;margin-top:20px;margin-bottom:30px;width:100%;max-width:100%;\"><div class=\"fusion-separator-border sep-single sep-solid\" style=\"--awb-height:20px;--awb-amount:20px;--awb-sep-color:#999999;border-color:#999999;border-top-width:2px;\"><\/div><\/div><div class=\"fusion-sep-clear\"><\/div><div class=\"fusion-text fusion-text-5\"><h2><span style=\"color: #999999;\"><span style=\"color: #000000;\">Cont\u00e1ctanos<\/span><br \/>\n<\/span><\/h2>\n<\/div><div class=\"fusion-text fusion-text-6\"><p>Hola! Si necesita m\u00e1s informaci\u00f3n, desea solicitar un presupuesto a medida o reservar cualquiera de nuestras visitas, llame o env\u00edenos un mensaje.<\/p>\n<\/div><div class=\"fusion-text fusion-text-7\"><h3><strong>646 41 33 10<\/strong><br \/>\n<a title=\"Visites Forum Vicus\" href=\"mailto:visites@forumvicus.cat\">visites@forumvicus.cat<\/a><\/h3>\n<\/div><div class=\"fusion-clearfix\"><\/div><\/div><\/div><\/div><\/div>\n","protected":false},"excerpt":{"rendered":"","protected":false},"author":1,"featured_media":2175,"menu_order":0,"comment_status":"closed","ping_status":"closed","template":"","format":"standard","meta":{"footnotes":""},"portfolio_category":[26],"portfolio_skills":[],"portfolio_tags":[],"class_list":["post-2174","avada_portfolio","type-avada_portfolio","status-publish","format-standard","has-post-thumbnail","hentry","portfolio_category-vic-centro"],"yoast_head":"<!-- This site is optimized with the Yoast SEO plugin v27.5 - https:\/\/yoast.com\/product\/yoast-seo-wordpress\/ -->\n<title>Tres espais, tres llegendes de Vic - FORUM VICUS<\/title>\n<meta name=\"description\" content=\"Tres espais, tres llegendes de Vic. Patis, edificis o tombes que ens diuen quelcom m\u00e9s de si mateixes, quan entra en escena la llegenda que els embolcalla.\" \/>\n<meta name=\"robots\" content=\"index, follow, max-snippet:-1, max-image-preview:large, max-video-preview:-1\" \/>\n<link rel=\"canonical\" href=\"https:\/\/www.forumvicus.cat\/es\/portfolio-items\/tres-espacios-tres-leyendas\/\" \/>\n<meta property=\"og:locale\" content=\"es_ES\" \/>\n<meta property=\"og:type\" content=\"article\" \/>\n<meta property=\"og:title\" content=\"Tres espais, tres llegendes de Vic - FORUM VICUS\" \/>\n<meta property=\"og:description\" content=\"Tres espais, tres llegendes de Vic. Patis, edificis o tombes que ens diuen quelcom m\u00e9s de si mateixes, quan entra en escena la llegenda que els embolcalla.\" \/>\n<meta property=\"og:url\" content=\"https:\/\/www.forumvicus.cat\/es\/portfolio-items\/tres-espacios-tres-leyendas\/\" \/>\n<meta property=\"og:site_name\" content=\"FORUM VICUS\" \/>\n<meta property=\"article:modified_time\" content=\"2021-03-05T16:53:46+00:00\" \/>\n<meta property=\"og:image\" content=\"https:\/\/www.forumvicus.cat\/wp-content\/uploads\/2018\/11\/fbtresespais.jpg\" \/>\n\t<meta property=\"og:image:width\" content=\"900\" \/>\n\t<meta property=\"og:image:height\" content=\"675\" \/>\n\t<meta property=\"og:image:type\" content=\"image\/jpeg\" \/>\n<meta name=\"twitter:card\" content=\"summary_large_image\" \/>\n<meta name=\"twitter:label1\" content=\"Tiempo de lectura\" \/>\n\t<meta name=\"twitter:data1\" content=\"4 minutos\" \/>\n<script type=\"application\/ld+json\" class=\"yoast-schema-graph\">{\"@context\":\"https:\\\/\\\/schema.org\",\"@graph\":[{\"@type\":\"WebPage\",\"@id\":\"https:\\\/\\\/www.forumvicus.cat\\\/es\\\/portfolio-items\\\/tres-espacios-tres-leyendas\\\/\",\"url\":\"https:\\\/\\\/www.forumvicus.cat\\\/es\\\/portfolio-items\\\/tres-espacios-tres-leyendas\\\/\",\"name\":\"Tres espais, tres llegendes de Vic - FORUM VICUS\",\"isPartOf\":{\"@id\":\"https:\\\/\\\/www.forumvicus.cat\\\/#website\"},\"primaryImageOfPage\":{\"@id\":\"https:\\\/\\\/www.forumvicus.cat\\\/es\\\/portfolio-items\\\/tres-espacios-tres-leyendas\\\/#primaryimage\"},\"image\":{\"@id\":\"https:\\\/\\\/www.forumvicus.cat\\\/es\\\/portfolio-items\\\/tres-espacios-tres-leyendas\\\/#primaryimage\"},\"thumbnailUrl\":\"https:\\\/\\\/www.forumvicus.cat\\\/wp-content\\\/uploads\\\/2018\\\/11\\\/fbtresespais.jpg\",\"datePublished\":\"2018-11-28T16:06:03+00:00\",\"dateModified\":\"2021-03-05T16:53:46+00:00\",\"description\":\"Tres espais, tres llegendes de Vic. Patis, edificis o tombes que ens diuen quelcom m\u00e9s de si mateixes, quan entra en escena la llegenda que els embolcalla.\",\"breadcrumb\":{\"@id\":\"https:\\\/\\\/www.forumvicus.cat\\\/es\\\/portfolio-items\\\/tres-espacios-tres-leyendas\\\/#breadcrumb\"},\"inLanguage\":\"es\",\"potentialAction\":[{\"@type\":\"ReadAction\",\"target\":[\"https:\\\/\\\/www.forumvicus.cat\\\/es\\\/portfolio-items\\\/tres-espacios-tres-leyendas\\\/\"]}]},{\"@type\":\"ImageObject\",\"inLanguage\":\"es\",\"@id\":\"https:\\\/\\\/www.forumvicus.cat\\\/es\\\/portfolio-items\\\/tres-espacios-tres-leyendas\\\/#primaryimage\",\"url\":\"https:\\\/\\\/www.forumvicus.cat\\\/wp-content\\\/uploads\\\/2018\\\/11\\\/fbtresespais.jpg\",\"contentUrl\":\"https:\\\/\\\/www.forumvicus.cat\\\/wp-content\\\/uploads\\\/2018\\\/11\\\/fbtresespais.jpg\",\"width\":900,\"height\":675},{\"@type\":\"BreadcrumbList\",\"@id\":\"https:\\\/\\\/www.forumvicus.cat\\\/es\\\/portfolio-items\\\/tres-espacios-tres-leyendas\\\/#breadcrumb\",\"itemListElement\":[{\"@type\":\"ListItem\",\"position\":1,\"name\":\"Portada\",\"item\":\"https:\\\/\\\/www.forumvicus.cat\\\/es\\\/\"},{\"@type\":\"ListItem\",\"position\":2,\"name\":\"Portfolio\",\"item\":\"https:\\\/\\\/www.forumvicus.cat\\\/portfolio-items\\\/\"},{\"@type\":\"ListItem\",\"position\":3,\"name\":\"Tres espacios, tres leyendas.\"}]},{\"@type\":\"WebSite\",\"@id\":\"https:\\\/\\\/www.forumvicus.cat\\\/#website\",\"url\":\"https:\\\/\\\/www.forumvicus.cat\\\/\",\"name\":\"FORUM VICUS\",\"description\":\"V\u00edsites guiades per Vic i Osona. Visites tur\u00edstiques i culturals.\",\"potentialAction\":[{\"@type\":\"SearchAction\",\"target\":{\"@type\":\"EntryPoint\",\"urlTemplate\":\"https:\\\/\\\/www.forumvicus.cat\\\/?s={search_term_string}\"},\"query-input\":{\"@type\":\"PropertyValueSpecification\",\"valueRequired\":true,\"valueName\":\"search_term_string\"}}],\"inLanguage\":\"es\"}]}<\/script>\n<!-- \/ Yoast SEO plugin. -->","yoast_head_json":{"title":"Tres espais, tres llegendes de Vic - FORUM VICUS","description":"Tres espais, tres llegendes de Vic. Patis, edificis o tombes que ens diuen quelcom m\u00e9s de si mateixes, quan entra en escena la llegenda que els embolcalla.","robots":{"index":"index","follow":"follow","max-snippet":"max-snippet:-1","max-image-preview":"max-image-preview:large","max-video-preview":"max-video-preview:-1"},"canonical":"https:\/\/www.forumvicus.cat\/es\/portfolio-items\/tres-espacios-tres-leyendas\/","og_locale":"es_ES","og_type":"article","og_title":"Tres espais, tres llegendes de Vic - FORUM VICUS","og_description":"Tres espais, tres llegendes de Vic. Patis, edificis o tombes que ens diuen quelcom m\u00e9s de si mateixes, quan entra en escena la llegenda que els embolcalla.","og_url":"https:\/\/www.forumvicus.cat\/es\/portfolio-items\/tres-espacios-tres-leyendas\/","og_site_name":"FORUM VICUS","article_modified_time":"2021-03-05T16:53:46+00:00","og_image":[{"width":900,"height":675,"url":"https:\/\/www.forumvicus.cat\/wp-content\/uploads\/2018\/11\/fbtresespais.jpg","type":"image\/jpeg"}],"twitter_card":"summary_large_image","twitter_misc":{"Tiempo de lectura":"4 minutos"},"schema":{"@context":"https:\/\/schema.org","@graph":[{"@type":"WebPage","@id":"https:\/\/www.forumvicus.cat\/es\/portfolio-items\/tres-espacios-tres-leyendas\/","url":"https:\/\/www.forumvicus.cat\/es\/portfolio-items\/tres-espacios-tres-leyendas\/","name":"Tres espais, tres llegendes de Vic - FORUM VICUS","isPartOf":{"@id":"https:\/\/www.forumvicus.cat\/#website"},"primaryImageOfPage":{"@id":"https:\/\/www.forumvicus.cat\/es\/portfolio-items\/tres-espacios-tres-leyendas\/#primaryimage"},"image":{"@id":"https:\/\/www.forumvicus.cat\/es\/portfolio-items\/tres-espacios-tres-leyendas\/#primaryimage"},"thumbnailUrl":"https:\/\/www.forumvicus.cat\/wp-content\/uploads\/2018\/11\/fbtresespais.jpg","datePublished":"2018-11-28T16:06:03+00:00","dateModified":"2021-03-05T16:53:46+00:00","description":"Tres espais, tres llegendes de Vic. Patis, edificis o tombes que ens diuen quelcom m\u00e9s de si mateixes, quan entra en escena la llegenda que els embolcalla.","breadcrumb":{"@id":"https:\/\/www.forumvicus.cat\/es\/portfolio-items\/tres-espacios-tres-leyendas\/#breadcrumb"},"inLanguage":"es","potentialAction":[{"@type":"ReadAction","target":["https:\/\/www.forumvicus.cat\/es\/portfolio-items\/tres-espacios-tres-leyendas\/"]}]},{"@type":"ImageObject","inLanguage":"es","@id":"https:\/\/www.forumvicus.cat\/es\/portfolio-items\/tres-espacios-tres-leyendas\/#primaryimage","url":"https:\/\/www.forumvicus.cat\/wp-content\/uploads\/2018\/11\/fbtresespais.jpg","contentUrl":"https:\/\/www.forumvicus.cat\/wp-content\/uploads\/2018\/11\/fbtresespais.jpg","width":900,"height":675},{"@type":"BreadcrumbList","@id":"https:\/\/www.forumvicus.cat\/es\/portfolio-items\/tres-espacios-tres-leyendas\/#breadcrumb","itemListElement":[{"@type":"ListItem","position":1,"name":"Portada","item":"https:\/\/www.forumvicus.cat\/es\/"},{"@type":"ListItem","position":2,"name":"Portfolio","item":"https:\/\/www.forumvicus.cat\/portfolio-items\/"},{"@type":"ListItem","position":3,"name":"Tres espacios, tres leyendas."}]},{"@type":"WebSite","@id":"https:\/\/www.forumvicus.cat\/#website","url":"https:\/\/www.forumvicus.cat\/","name":"FORUM VICUS","description":"V\u00edsites guiades per Vic i Osona. Visites tur\u00edstiques i culturals.","potentialAction":[{"@type":"SearchAction","target":{"@type":"EntryPoint","urlTemplate":"https:\/\/www.forumvicus.cat\/?s={search_term_string}"},"query-input":{"@type":"PropertyValueSpecification","valueRequired":true,"valueName":"search_term_string"}}],"inLanguage":"es"}]}},"_links":{"self":[{"href":"https:\/\/www.forumvicus.cat\/es\/wp-json\/wp\/v2\/avada_portfolio\/2174","targetHints":{"allow":["GET"]}}],"collection":[{"href":"https:\/\/www.forumvicus.cat\/es\/wp-json\/wp\/v2\/avada_portfolio"}],"about":[{"href":"https:\/\/www.forumvicus.cat\/es\/wp-json\/wp\/v2\/types\/avada_portfolio"}],"author":[{"embeddable":true,"href":"https:\/\/www.forumvicus.cat\/es\/wp-json\/wp\/v2\/users\/1"}],"replies":[{"embeddable":true,"href":"https:\/\/www.forumvicus.cat\/es\/wp-json\/wp\/v2\/comments?post=2174"}],"version-history":[{"count":3,"href":"https:\/\/www.forumvicus.cat\/es\/wp-json\/wp\/v2\/avada_portfolio\/2174\/revisions"}],"predecessor-version":[{"id":2361,"href":"https:\/\/www.forumvicus.cat\/es\/wp-json\/wp\/v2\/avada_portfolio\/2174\/revisions\/2361"}],"wp:featuredmedia":[{"embeddable":true,"href":"https:\/\/www.forumvicus.cat\/es\/wp-json\/wp\/v2\/media\/2175"}],"wp:attachment":[{"href":"https:\/\/www.forumvicus.cat\/es\/wp-json\/wp\/v2\/media?parent=2174"}],"wp:term":[{"taxonomy":"portfolio_category","embeddable":true,"href":"https:\/\/www.forumvicus.cat\/es\/wp-json\/wp\/v2\/portfolio_category?post=2174"},{"taxonomy":"portfolio_skills","embeddable":true,"href":"https:\/\/www.forumvicus.cat\/es\/wp-json\/wp\/v2\/portfolio_skills?post=2174"},{"taxonomy":"portfolio_tags","embeddable":true,"href":"https:\/\/www.forumvicus.cat\/es\/wp-json\/wp\/v2\/portfolio_tags?post=2174"}],"curies":[{"name":"wp","href":"https:\/\/api.w.org\/{rel}","templated":true}]}}